{"id":88,"date":"2018-03-27T17:00:09","date_gmt":"2018-03-27T15:00:09","guid":{"rendered":"https:\/\/fair-rhein.de\/geldern\/?page_id=88"},"modified":"2024-06-08T16:27:52","modified_gmt":"2024-06-08T14:27:52","slug":"weltladen","status":"publish","type":"page","link":"https:\/\/fair-rhein.de\/geldern\/weltladen\/","title":{"rendered":"Weltladen"},"content":{"rendered":"<div class=\"wpb-content-wrapper\"><p>[vc_row][vc_column][vc_column_text]<\/p>\n<h1>Der Weltladen Geldern<\/h1>\n<p>[\/vc_column_text][vc_column_text]<\/p>\n<h2>Grundgedanke<\/h2>\n<p>Durch den Verkauf von <a href=\"\/\/fair-rhein.de\/geldern\/fairer-handel\/\"><strong>fair gehandelten Produkten<\/strong><\/a> wollen wir den Erzeugern in den verschiedenen armen L\u00e4ndern die gerechten Preise zukommen lassen, die sie auf dem von Konzernen beherrschten Weltmarkt nicht bekommen w\u00fcrden.<\/p>\n<p>Wir werden unterst\u00fctzend beraten von <a href=\"\/\/fair-rhein.de\/\" target=\"_blank\" rel=\"noopener noreferrer\"><strong>Fair|Rhein<\/strong><\/a>.<\/p>\n<p>Unser Erl\u00f6s flie\u00dft in soziale<a href=\"\/\/fair-rhein.de\/geldern\/projekte\/\"><strong> Projekte<\/strong><\/a> des Vereins und Aktionen des Weltladens.[\/vc_column_text][vc_separator][vc_column_text]<\/p>\n<h2>Unsere Produkte<\/h2>\n<p>Informieren Sie sich \u00fcber die gro\u00dfe Auswahl. Unsere fair gehandelten, qualitativ hochwertigen und zu \u00fcber 90 Prozent bio-zertifizierten Produkte beziehen wir von <strong>Importorganisationen<\/strong>, die im Lieferkatalog des Weltladendachverbandes positiv bewertet sind. Mit dem Verkaufserl\u00f6s aus den angebotenen Produkten unterst\u00fctzen wir die Kooperativen und Genossenschaften der Kleinproduzenten \u00fcberall in der Welt.[\/vc_column_text][\/vc_column][\/vc_row][vc_row][vc_column][vc_separator][\/vc_column][\/vc_row][vc_row][vc_column width=&#8220;1\/3&#8243;][vc_single_image image=&#8220;95&#8243; img_size=&#8220;full&#8220;][\/vc_column][vc_column width=&#8220;2\/3&#8243;][vc_column_text]<\/p>\n<h3>Lebensmittel<\/h3>\n<p>Mehr als 14 verschiedene Kaffeespezialit\u00e4ten, 22 Teesorten, Schokoladen, Gew\u00fcrze, Teigwaren, Wein, Honig, Marmelade und vieles mehr versprechen Ihnen Qualit\u00e4t und Genuss. Geschenkk\u00f6rbe k\u00f6nnen nach Wunsch zusammengestellt werden.<br \/>\n<a href=\"#ak-lebensmittel\">+ mehr<\/a>[\/vc_column_text][vc_column_text css=&#8220;.vc_custom_1538127103956{margin-top: -20px !important;}&#8220; el_class=&#8220;ek-lebensmittel&#8220;]Das reichhaltige Angebot unserer Foodprodukte besteht u.a. aus:<\/p>\n<ul>\n<li>viele verschiedene Sorten Kaffee, als Bohne oder gemahlen<\/li>\n<li>Brotaufstriche wie Marmeladen und Honig<\/li>\n<li>S\u00e4fte (z.B. Orangensaft und Multivitaminsaft)<\/li>\n<li>Schokoladen in vielen Variationen<\/li>\n<li>leckere Knabbereien, N\u00fcsse und Geb\u00e4ck<\/li>\n<li>Chutneys und Pestos<\/li>\n<li>Gew\u00fcrze, Kr\u00e4uter und Gew\u00fcrzm\u00fchlen<\/li>\n<li>S\u00fc\u00dfe Zuckerm\u00fchlen f\u00fcr Kaffee, Kuchen, Desserts<\/li>\n<li>Weine und Spirituosen<\/li>\n<\/ul>\n<p>[\/vc_column_text][\/vc_column][\/vc_row][vc_row][vc_column][vc_empty_space height=&#8220;20px&#8220;][\/vc_column][\/vc_row][vc_row][vc_column width=&#8220;1\/3&#8243;][vc_single_image image=&#8220;96&#8243; img_size=&#8220;full&#8220;][\/vc_column][vc_column width=&#8220;2\/3&#8243;][vc_column_text]<\/p>\n<h3>Kunsthandwerk<\/h3>\n<p>Lassen Sie sich verzaubern von unserem wechselnden Sortiment an Handwerkskunst aus Afrika, Asien und Lateinamerika. Liebevoll gestaltete Keramik, Lederwaren, Schmuck eignen sich auch als au\u00dferordentliches Geschenk f\u00fcr einen lieben Menschen.<br \/>\n<a href=\"#ak-kunsthandwerk\">+ mehr<\/a>[\/vc_column_text][vc_column_text css=&#8220;.vc_custom_1538127169059{margin-top: -20px !important;}&#8220; el_class=&#8220;ek-kunsthandwerk&#8220;]Das Angebot unserer Non-Food-Produkte besteht u.a. aus:<\/p>\n<ul>\n<li>Kerzen, Kerzenhalter<\/li>\n<li>Korbwaren<\/li>\n<li>Keramik<\/li>\n<li>Skulpturen aus Bronze oder Stein<\/li>\n<li>Specksteinengel, Freundeskreise<\/li>\n<li>M\u00f6rser<\/li>\n<li>Uhren<\/li>\n<li>Modeschmuck<\/li>\n<li>Silberschmuck<\/li>\n<li>Hochwertige Lederwaren<\/li>\n<li>Artikel aus Filz<\/li>\n<\/ul>\n<p>[\/vc_column_text][\/vc_column][\/vc_row][vc_row][vc_column width=&#8220;1\/3&#8243;][vc_single_image image=&#8220;97&#8243; img_size=&#8220;full&#8220;][\/vc_column][vc_column width=&#8220;2\/3&#8243;][vc_column_text]<\/p>\n<h3>Textilien<\/h3>\n<p>Aus L\u00e4ndern des globalen S\u00fcdens, z.B. Indien und Nepal, f\u00fchren wir Seiden- und Wollschals von hoher Qualit\u00e4t sowie gewebte Sets, Tischl\u00e4ufer, K\u00fcchenhandt\u00fccher und Stofftaschen.[\/vc_column_text][\/vc_column][\/vc_row][vc_row][vc_column][vc_empty_space height=&#8220;20px&#8220;][\/vc_column][\/vc_row][vc_row][vc_column width=&#8220;1\/3&#8243;][vc_single_image image=&#8220;98&#8243; img_size=&#8220;full&#8220;][\/vc_column][vc_column width=&#8220;2\/3&#8243;][vc_column_text]<\/p>\n<h3>Gl\u00fcckwunsch- und Gru\u00dfkarten<\/h3>\n<p>F\u00fcr jeden Anlass bieten wir einfallsreiche, niveauvolle und sch\u00f6n designte Karten als kleine Kunstwerke.[\/vc_column_text][\/vc_column][\/vc_row][vc_row][vc_column][vc_separator][vc_empty_space height=&#8220;20px&#8220;][\/vc_column][\/vc_row][vc_row][vc_column width=&#8220;1\/3&#8243;][vc_single_image image=&#8220;2693&#8243; img_size=&#8220;full&#8220;][\/vc_column][vc_column width=&#8220;2\/3&#8243;][vc_column_text]<\/p>\n<h3>Etwas ganz Besonderes<br \/>\n\u201eDe Geldersche LandLebenKaffee\u201c und &#8222;S\u00fc\u00dfe Gr\u00fc\u00dfe aus der Drachenstadt&#8220;<\/h3>\n<p>Gro\u00dfer Beliebtheit erfreut sich bei unseren Kunden der Nicaraguakaffee, der in verschiedenen Varianten (Kaffee und Espresso) angeboten wird. Zudem gibt es Schokolade mit einer Banderole aus der &#8222;Drachenstadt&#8220;<br \/>\n<a href=\"#ak-geldersche\">+ mehr<\/a>[\/vc_column_text][vc_column_text css=&#8220;.vc_custom_1558167466182{margin-top: -20px !important;}&#8220; el_class=&#8220;ek-geldersche&#8220;]Fairer Kaffee aus Nicaragua: Alternativ gehandelt, ausschlie\u00dflich zertifiziert biologisch angebaut, mit Kleinproduzenten-Symbol. Der mit Hilfe des Fair-Trade-Handels eingerichtete Sozialfond wird u.a. daf\u00fcr genutzt, um sich am Bau von Stra\u00dfen in entlegene Gemeinden zu beteiligen, Schulen zu reparieren und Kooperativenmitglieder bei Unf\u00e4llen oder Krankheiten zu unterst\u00fctzen. Au\u00dferdem werden Stipendien vergeben, um Kindern den Schul- oder Universit\u00e4tsbesuch zu erm\u00f6glichen.<\/p>\n<p>Der Rohkaffee wird im Langzeitr\u00f6stverfahren schonend veredelt. Dadurch k\u00f6nnen die Bohnen ihre Geschmacksstoffe besonders gut entfalten. Der Kaffee ist nicht nur aromatischer, sondern auch deutlich bek\u00f6mmlicher als industrielle Turbo-R\u00f6stungen.<\/p>\n<p>Das Etikettieren der Beutel \u00fcbernehmen die Mitarbeiter einer Leipziger Werkstatt f\u00fcr Menschen mit Behinderung.<\/p>\n<p>Aktuell ist ein Filmbeitrag im &#8222;mdr&#8220; zu diesem Kaffee und der R\u00f6sterei in Leipzig, von der wir den Kaffee beziehen, erschienen. Absolut sehenswert! Film <a href=\"\/\/www.ardmediathek.de\/mdr\/player\/Y3JpZDovL21kci5kZS9iZWl0cmFnL2Ntcy82N2MyOGE3ZC1lZTc5LTQ0NWYtODY1YS0xMjVhZDJkODZhNzA\/\" target=\"_blank\" rel=\"noopener noreferrer\"><strong>hier<\/strong><\/a> anschauen.<\/p>\n<p>Mehr Infos unter: <a href=\"\/\/www.cafe-chavalo.de\" target=\"_blank\" rel=\"noopener noreferrer\">www.cafe-chavalo.de<\/a>[\/vc_column_text][\/vc_column][\/vc_row][vc_row][vc_column][vc_separator][vc_empty_space height=&#8220;20px&#8220;][\/vc_column][\/vc_row][vc_row type=&#8220;vc_default&#8220; bg_type=&#8220;bg_color&#8220; bg_color_value=&#8220;#ffffff&#8220;][vc_column width=&#8220;1\/3&#8243;][vc_single_image image=&#8220;2179&#8243; img_size=&#8220;full&#8220;][\/vc_column][vc_column width=&#8220;2\/3&#8243;][vc_column_text]<\/p>\n<h3>Neu im Sortiment: Kleidung<\/h3>\n<p>Mit dem neu angemieteten Raum direkt nebenan k\u00f6nnen wir jetzt auch hochwertige faire Kleidung anbieten. Kleider, Pullover, T-Shirts und vieles mehr k\u00f6nnen wir jetzt anbieten.<\/p>\n<p>Fair Fashion statt Fast Fashion hei\u00dft die Devise![\/vc_column_text][\/vc_column][\/vc_row][vc_row][vc_column][vc_separator][vc_empty_space height=&#8220;10px&#8220;][\/vc_column][\/vc_row][vc_row][vc_column][vc_separator][vc_column_text]<\/p>\n<h3>Angebot f\u00fcr Gro\u00dfverbraucher (Schulen etc.)<\/h3>\n<p>F\u00fcr Institutionen wie Schulen, B\u00fcros, Einrichtungen, die regelm\u00e4\u00dfig gr\u00f6\u00dfere Produktmengen abnehmen, k\u00f6nnen wir auch Sonderpreise anbieten. Sprechen Sie uns an! Kontakt:\u00a0<a href=\"mailto:info@weltladen-geldern.de\">info@weltladen-geldern.de<\/a><\/p>\n<p><strong>Wir freuen uns auf Ihren Besuch. Schauen Sie rein!<\/strong>[\/vc_column_text][vc_empty_space height=&#8220;40px&#8220;][vc_column_text css=&#8220;&#8220;]<\/p>\n<h1>Der Weltladen Geldern hat nicht nur ein Warenangebot<\/h1>\n<p>[\/vc_column_text][vc_column_text css=&#8220;&#8220;]Der Weltladen ist nicht nur ein Ort, an dem faire Waren angeboten werden. Die ehrenamtlichen Mitarbeiterinnen und Mitarbeiter engagieren sich auch im Bereich <strong>Bildungsarbeit<\/strong>, um den fairen Gedanken weiter zu tragen.[\/vc_column_text][\/vc_column][\/vc_row][vc_row type=&#8220;vc_default&#8220; bg_type=&#8220;bg_color&#8220; bg_color_value=&#8220;#ffffff&#8220;][vc_column width=&#8220;1\/3&#8243;][vc_single_image image=&#8220;2084&#8243; img_size=&#8220;full&#8220; css=&#8220;&#8220;][\/vc_column][vc_column width=&#8220;2\/3&#8243;][vc_column_text css=&#8220;&#8220;]<\/p>\n<h2>Unsere Mitwirkung bei Ihrer Veranstaltung<\/h2>\n<p>Der Weltladen stellt einen bedeutenden Faktor in der Fairtrade-Stadt Geldern dar. In vielen Kooperationsveranstaltungen mit der Stadt und VHS initiieren und begleiten wir Projekte und Aktionen in Sachen Fairtrade.<\/p>\n<p>Ob Schulprojekte, Ausstellungen oder Aktionstage, wir unterst\u00fctzen Sie gerne bei Ihren Veranstaltungen. Unser <strong>\u201eFair Trade Point\u201c,<\/strong> ein Weltladen im Kleinformat, kann ausgeliehen werden. Wir k\u00f6nnen auch einen Vortrag aus dem weiten Themenbereich des Fairen Handels vereinbaren. Sprechen Sie uns einfach an.[\/vc_column_text][\/vc_column][\/vc_row][vc_row type=&#8220;vc_default&#8220; bg_type=&#8220;bg_color&#8220; bg_color_value=&#8220;#ffffff&#8220;][vc_column width=&#8220;1\/3&#8243;][vc_single_image image=&#8220;2894&#8243; img_size=&#8220;full&#8220; css=&#8220;&#8220;][\/vc_column][vc_column width=&#8220;2\/3&#8243;][vc_column_text css=&#8220;&#8220;]<\/p>\n<h2>Der Weltladen als Lernort<\/h2>\n<p>Unser Weltladen bietet mit seinen R\u00e4umlichkeiten f\u00fcr Schulklassen und andere interessierte Gruppen (Verb\u00e4nde, Vereine etc.), sich \u00fcber den fairen Handel, seine Ziele und die entwicklungspolitischen Zusammenh\u00e4nge sowie \u00fcber die Herkunft und Produktion der Waren informieren zu lassen. Anschauungs- und Lernmaterialien stehen zur Verf\u00fcgung. Sprechen Sie uns an und vereinbaren sie einen Termin.<br \/>\nWir freuen uns auf Sie!<\/p>\n<p>[\/vc_column_text][\/vc_column][\/vc_row][vc_row type=&#8220;vc_default&#8220; bg_type=&#8220;bg_color&#8220; bg_color_value=&#8220;#ffffff&#8220;][vc_column width=&#8220;1\/3&#8243;][vc_single_image image=&#8220;2978&#8243; img_size=&#8220;full&#8220; css=&#8220;&#8220;][\/vc_column][vc_column width=&#8220;2\/3&#8243;][vc_column_text css=&#8220;&#8220;]<\/p>\n<h2>Ware auf Kommission<\/h2>\n<p>Sie planen eine Veranstaltung zum Fairen Handel und Ihnen fehlen die Produkte? Wir bieten Gruppen, Vereinen und Kirchengemeinden die Abgabe von Waren auf Kommissionsbasis an. Kommen Sie vorbei und lassen Sie sich von uns beraten.[\/vc_column_text][\/vc_column][\/vc_row][vc_row][vc_column][vc_separator][vc_empty_space height=&#8220;40px&#8220;][\/vc_column][\/vc_row][vc_row type=&#8220;vc_default&#8220; bg_type=&#8220;bg_color&#8220; bg_color_value=&#8220;#f4e4be&#8220;][vc_column width=&#8220;1\/3&#8243;][vc_single_image image=&#8220;103&#8243; img_size=&#8220;full&#8220;][\/vc_column][vc_column width=&#8220;2\/3&#8243;][vc_column_text]<\/p>\n<h3>Mitarbeit im Weltladen<\/h3>\n<p>F\u00fcr unseren Ladendienst suchen wir auch immer <strong>ehrenamtliche Mitarbeiter\/innen<\/strong>,<br \/>\ndie stundenweise helfen. Nehmen Sie gerne Kontakt zu Hedwig unter<a href=\"mailto:info@weltladen-geldern.de\"> info@weltladen-geldern.de<\/a> auf und informieren sich unverbindlich \u00fcber die Aufgaben im Weltladen.[\/vc_column_text][\/vc_column][\/vc_row][vc_row][vc_column][vc_separator]<blockquote class=\"text-big swing animate-element shortcode-blockquote\"><h3>&#8222;Es m\u00fcsste so sein, dass nicht das, was<span style=\"color: #ff0000\"><strong> fair<\/strong><\/span> ist, extra ausgewiesen ist, sondern nur das, was<span style=\"color: #ff0000\"><strong> unfair<\/strong><\/span> ist. Damit ich als <strong><span style=\"color: #ff0000\">Verbraucherin nicht suchen<\/span><\/strong> muss, was ich <span style=\"color: #ff0000\"><strong>einkaufen darf<\/strong><\/span>, sondern mit ruhigem Gewissen einkaufen kann.&#8220;<\/h3>\n<p>Eine Bayern 2-H\u00f6rerin im Tagesgespr\u00e4ch<\/p>\n<\/blockquote>[\/vc_column][\/vc_row]<\/p>\n<\/div>","protected":false},"excerpt":{"rendered":"<p>[vc_row][vc_column][vc_column_text] Der Weltladen Geldern [\/vc_column_text][vc_column_text] Grundgedanke Durch den Verkauf von fair gehandelten Produkten wollen wir den Erzeugern in den verschiedenen&hellip;<\/p>\n","protected":false},"author":23,"featured_media":0,"parent":0,"menu_order":0,"comment_status":"closed","ping_status":"closed","template":"","meta":{"footnotes":""},"class_list":["post-88","page","type-page","status-publish","hentry","description-off"],"_links":{"self":[{"href":"https:\/\/fair-rhein.de\/geldern\/wp-json\/wp\/v2\/pages\/88","targetHints":{"allow":["GET"]}}],"collection":[{"href":"https:\/\/fair-rhein.de\/geldern\/wp-json\/wp\/v2\/pages"}],"about":[{"href":"https:\/\/fair-rhein.de\/geldern\/wp-json\/wp\/v2\/types\/page"}],"author":[{"embeddable":true,"href":"https:\/\/fair-rhein.de\/geldern\/wp-json\/wp\/v2\/users\/23"}],"replies":[{"embeddable":true,"href":"https:\/\/fair-rhein.de\/geldern\/wp-json\/wp\/v2\/comments?post=88"}],"version-history":[{"count":65,"href":"https:\/\/fair-rhein.de\/geldern\/wp-json\/wp\/v2\/pages\/88\/revisions"}],"predecessor-version":[{"id":2979,"href":"https:\/\/fair-rhein.de\/geldern\/wp-json\/wp\/v2\/pages\/88\/revisions\/2979"}],"wp:attachment":[{"href":"https:\/\/fair-rhein.de\/geldern\/wp-json\/wp\/v2\/media?parent=88"}],"curies":[{"name":"wp","href":"https:\/\/api.w.org\/{rel}","templated":true}]}}