{"id":88,"date":"2018-03-27T17:00:09","date_gmt":"2018-03-27T15:00:09","guid":{"rendered":"https:\/\/fair-rhein.de\/hamminkeln\/?page_id=88"},"modified":"2025-12-15T12:07:28","modified_gmt":"2025-12-15T11:07:28","slug":"weltladen","status":"publish","type":"page","link":"https:\/\/fair-rhein.de\/hamminkeln\/weltladen\/","title":{"rendered":"Weltladen"},"content":{"rendered":"<div class=\"wpb-content-wrapper\"><p>[vc_row][vc_column][vc_column_text]<\/p>\n<h1>Der Weltladen Hamminkeln<\/h1>\n<p>[\/vc_column_text][vc_column_text css=&#8220;&#8220;]In unserem Weltladen finden Sie eine gro\u00dfe Auswahl an internationalen Spezialt\u00e4ten. Ein Besuch im Weltladen ist eine kleine Entdeckungsreise: Aromatischer Kaffee, pikante Gew\u00fcrze, nicht allt\u00e4gliche Geschenkartikel \u2013 hier finden Sie Besonderheiten aus aller Welt.<\/p>\n<p>Doch dahinter steckt noch mehr: Die Produkte im Weltladen sind nicht nur von besonderer Qualit\u00e4t. Sie sind zugleich ein kleines St\u00fcck Weltpolitik und Fortschritt, denn sie stammen aus fairem Handel. Fairer Handel leistet einen Beitrag zu sozial verantwortlicher, nachhaltiger Entwicklung, denn alle fair gehandelten Waren werden auch unter menschenw\u00fcrdigen Bedingungen hergestellt.<\/p>\n<p>Au\u00dferdem achten wir auf Nachhaltigkeit: So sind eine Reihe von Produkten aus recyceltem Material, CO<sub>2<\/sub>-neutral oder zur Mehrfachverwendung bestimmt.<\/p>\n<p>[\/vc_column_text][vc_empty_space][\/vc_column][\/vc_row][vc_row][vc_column width=&#8220;1\/3&#8243;][vc_single_image image=&#8220;751&#8243; img_size=&#8220;full&#8220;][\/vc_column][vc_column width=&#8220;2\/3&#8243;][vc_column_text css=&#8220;&#8220;]<\/p>\n<h3>Lebensmittel<\/h3>\n<p>Sie finden bei uns &#8230;<\/p>\n<ul>\n<li>mehr als 10 verschiedene Kaffees, gemahlen und als Bohne<\/li>\n<li>20 Teesorten, lose oder als Beutel<\/li>\n<li>\u00fcber 30 verschiedene Schokoladenspezialit\u00e4ten<\/li>\n<li>Kakao und Trinkschokolade<\/li>\n<li>verschiedene Sorten von Pl\u00e4tzchen, N\u00fcssen, Knabbereien und Bonbons.<\/li>\n<\/ul>\n<p>F\u00fcr die K\u00fcche haben wir Gew\u00fcrze, \u00d6le, Balsamico-Essig, Teigwaren, Reis, verschiedene Honigsorten und vieles mehr im Angebot.<\/p>\n<p>Daneben gibt es bei auch eine kleine Auswahl an Weinen.<\/p>\n<p>[\/vc_column_text][vc_column_text css=&#8220;&#8220; el_class=&#8220;ek-lebensmittel&#8220;]Bei uns finden Sie u.a.:<\/p>\n<ul>\n<li>viele verschiedene Sorten Kaffee, als Bohne oder gemahlen<\/li>\n<li>eine gro\u00dfe Auswahl an Tee<\/li>\n<li>Brotaufstriche wie Schokocreme und Honig<\/li>\n<li>Schokoladen und Pralinen in vielen Variationen, auch vegane Sorten<\/li>\n<li>leckere Knabbereien<\/li>\n<li>s\u00fc\u00dfes Geb\u00e4ck und Bonbons<\/li>\n<li>Gew\u00fcrze<\/li>\n<li>Wein<\/li>\n<\/ul>\n<p>[\/vc_column_text][\/vc_column][\/vc_row][vc_row][vc_column][vc_empty_space height=&#8220;20px&#8220;][\/vc_column][\/vc_row][vc_row][vc_column width=&#8220;1\/3&#8243;][vc_single_image image=&#8220;752&#8243; img_size=&#8220;full&#8220;][\/vc_column][vc_column width=&#8220;2\/3&#8243;][vc_column_text]<\/p>\n<h3>Handwerksartikel<\/h3>\n<p>Wir bieten Ihnen ein wechselndes Sortiment an Handwerkskunst aus Asien, Lateinamerika und Afrika. <a href=\"#ak-kunsthandwerk\">+ mehr<\/a>[\/vc_column_text][vc_column_text css=&#8220;&#8220; el_class=&#8220;ek-kunsthandwerk&#8220;]Was Sie bei uns erwarten k\u00f6nnen:<\/p>\n<ul>\n<li>Wir haben eine gro\u00dfe Auswahl an Taschen und K\u00f6rben aus Steppengras, Stoff und Leder; dazu eine Vielzahl an Geldb\u00f6rsen, Kosmetikt\u00e4schchen und Schl\u00fcsselanh\u00e4nger.<\/li>\n<li>Es gibt einzigartigen Schmuck aus Silber, Messing, Draht und Papier.<\/li>\n<li>Wir f\u00fchren Schals und T\u00fccher aus Seide, Baumwolle, Wolle und Mischgeweben.<\/li>\n<li>Auch K\u00fcchen- und Sp\u00fclt\u00fccher, Sets, Tischl\u00e4ufer und Sch\u00fcrzen geh\u00f6ren zu unserem Angebot.<\/li>\n<li>An Kosmetikartikeln f\u00fchren wir Argan\u00f6lprodukte, daneben auch duftende Seifen.<\/li>\n<li>Deko-Kerzen in verschiedenen Formen und Farben, geschmackvolle Servietten und Keramik-Artikel runden das Angebot ab.<\/li>\n<\/ul>\n<p>Suchen Sie ein Geschenk oder ein Mitbringsel? Bei uns werden Sie sicher f\u00fcndig.[\/vc_column_text][\/vc_column][\/vc_row][vc_row][vc_column][vc_empty_space height=&#8220;20px&#8220;][\/vc_column][\/vc_row][vc_row][vc_column width=&#8220;1\/3&#8243;][vc_single_image image=&#8220;754&#8243; img_size=&#8220;full&#8220;][\/vc_column][vc_column width=&#8220;2\/3&#8243;][vc_column_text]<\/p>\n<h3>Gru\u00df- und Gl\u00fcckwunschkarten<\/h3>\n<p>Neben den bekannten Unicef-Karten (nicht nur zur Weihnachtszeit) haben wir eine umfangreiche\u00a0 Auswahl an gro\u00dfen und kleinen FairMail-Karten f\u00fcr jeden Anlass vorr\u00e4tig.[\/vc_column_text][vc_empty_space][\/vc_column][\/vc_row][vc_row][vc_column][vc_separator][vc_empty_space height=&#8220;15px&#8220;][vc_column_text]<\/p>\n<h3>Impressionen aus unserem Weltladen<\/h3>\n<p>[\/vc_column_text][vc_empty_space height=&#8220;15px&#8220;][vc_media_grid style=&#8220;lazy&#8220; items_per_page=&#8220;6&#8243; element_width=&#8220;3&#8243; gap=&#8220;10&#8243; grid_id=&#8220;vc_gid:1765796674400-3414ae33-c7b0-7&#8243; include=&#8220;786,790,792,789,784,794,783,791,782,785,787,793,788,796,795,797&#8243;][vc_empty_space][\/vc_column][\/vc_row]<\/p>\n<\/div>","protected":false},"excerpt":{"rendered":"<p>[vc_row][vc_column][vc_column_text] Der Weltladen Hamminkeln [\/vc_column_text][vc_column_text css=&#8220;&#8220;]In unserem Weltladen finden Sie eine gro\u00dfe Auswahl an internationalen Spezialt\u00e4ten. Ein Besuch im Weltladen&hellip;<\/p>\n","protected":false},"author":23,"featured_media":0,"parent":0,"menu_order":0,"comment_status":"closed","ping_status":"closed","template":"","meta":{"footnotes":""},"class_list":["post-88","page","type-page","status-publish","hentry","description-off"],"yoast_head":"<!-- This site is optimized with the Yoast SEO plugin v23.4 - https:\/\/yoast.com\/wordpress\/plugins\/seo\/ -->\n<title>Weltladen - Weltladen Hamminkeln<\/title>\n<meta name=\"description\" content=\"Durch den Verkauf von fair gehandelten Produkten wollen wir den Erzeugern in den verschiedenen armen L\u00e4ndern die gerechten Preise zukommen lassen, die sie auf dem von Konzernen beherrschten Weltmarkt nicht bekommen w\u00fcrden. Unser Erl\u00f6s flie\u00dft in soziale Projekte des Vereins und Aktionen des Weltladens.\" \/>\n<meta name=\"robots\" content=\"index, follow, max-snippet:-1, max-image-preview:large, max-video-preview:-1\" \/>\n<link rel=\"canonical\" href=\"https:\/\/fair-rhein.de\/hamminkeln\/weltladen\/\" \/>\n<meta property=\"og:locale\" content=\"de_DE\" \/>\n<meta property=\"og:type\" content=\"article\" \/>\n<meta property=\"og:title\" content=\"Weltladen - Weltladen Hamminkeln\" \/>\n<meta property=\"og:description\" content=\"Durch den Verkauf von fair gehandelten Produkten wollen wir den Erzeugern in den verschiedenen armen L\u00e4ndern die gerechten Preise zukommen lassen, die sie auf dem von Konzernen beherrschten Weltmarkt nicht bekommen w\u00fcrden. Unser Erl\u00f6s flie\u00dft in soziale Projekte des Vereins und Aktionen des Weltladens.\" \/>\n<meta property=\"og:url\" content=\"https:\/\/fair-rhein.de\/hamminkeln\/weltladen\/\" \/>\n<meta property=\"og:site_name\" content=\"Weltladen Hamminkeln\" \/>\n<meta property=\"article:modified_time\" content=\"2025-12-15T11:07:28+00:00\" \/>\n<meta name=\"twitter:card\" content=\"summary_large_image\" \/>\n<meta name=\"twitter:label1\" content=\"Gesch\u00e4tzte Lesezeit\" \/>\n\t<meta name=\"twitter:data1\" content=\"3\u00a0Minuten\" \/>\n<script type=\"application\/ld+json\" class=\"yoast-schema-graph\">{\"@context\":\"https:\/\/schema.org\",\"@graph\":[{\"@type\":\"WebPage\",\"@id\":\"https:\/\/fair-rhein.de\/hamminkeln\/weltladen\/\",\"url\":\"https:\/\/fair-rhein.de\/hamminkeln\/weltladen\/\",\"name\":\"Weltladen - Weltladen Hamminkeln\",\"isPartOf\":{\"@id\":\"https:\/\/fair-rhein.de\/hamminkeln\/#website\"},\"datePublished\":\"2018-03-27T15:00:09+00:00\",\"dateModified\":\"2025-12-15T11:07:28+00:00\",\"description\":\"Durch den Verkauf von fair gehandelten Produkten wollen wir den Erzeugern in den verschiedenen armen L\u00e4ndern die gerechten Preise zukommen lassen, die sie auf dem von Konzernen beherrschten Weltmarkt nicht bekommen w\u00fcrden. Unser Erl\u00f6s flie\u00dft in soziale Projekte des Vereins und Aktionen des Weltladens.\",\"breadcrumb\":{\"@id\":\"https:\/\/fair-rhein.de\/hamminkeln\/weltladen\/#breadcrumb\"},\"inLanguage\":\"de\",\"potentialAction\":[{\"@type\":\"ReadAction\",\"target\":[\"https:\/\/fair-rhein.de\/hamminkeln\/weltladen\/\"]}]},{\"@type\":\"BreadcrumbList\",\"@id\":\"https:\/\/fair-rhein.de\/hamminkeln\/weltladen\/#breadcrumb\",\"itemListElement\":[{\"@type\":\"ListItem\",\"position\":1,\"name\":\"Startseite\",\"item\":\"https:\/\/fair-rhein.de\/hamminkeln\/\"},{\"@type\":\"ListItem\",\"position\":2,\"name\":\"Weltladen\"}]},{\"@type\":\"WebSite\",\"@id\":\"https:\/\/fair-rhein.de\/hamminkeln\/#website\",\"url\":\"https:\/\/fair-rhein.de\/hamminkeln\/\",\"name\":\"Weltladen Hamminkeln\",\"description\":\"Fairer Handel in Hamminkeln\",\"publisher\":{\"@id\":\"https:\/\/fair-rhein.de\/hamminkeln\/#organization\"},\"potentialAction\":[{\"@type\":\"SearchAction\",\"target\":{\"@type\":\"EntryPoint\",\"urlTemplate\":\"https:\/\/fair-rhein.de\/hamminkeln\/?s={search_term_string}\"},\"query-input\":{\"@type\":\"PropertyValueSpecification\",\"valueRequired\":true,\"valueName\":\"search_term_string\"}}],\"inLanguage\":\"de\"},{\"@type\":\"Organization\",\"@id\":\"https:\/\/fair-rhein.de\/hamminkeln\/#organization\",\"name\":\"Weltladen Hamminkeln\",\"url\":\"https:\/\/fair-rhein.de\/hamminkeln\/\",\"logo\":{\"@type\":\"ImageObject\",\"inLanguage\":\"de\",\"@id\":\"https:\/\/fair-rhein.de\/hamminkeln\/#\/schema\/logo\/image\/\",\"url\":\"https:\/\/fair-rhein.de\/hamminkeln\/wp-content\/uploads\/sites\/10\/2020\/04\/hamminkeln-startseite-weltladen-hamminkeln.png\",\"contentUrl\":\"https:\/\/fair-rhein.de\/hamminkeln\/wp-content\/uploads\/sites\/10\/2020\/04\/hamminkeln-startseite-weltladen-hamminkeln.png\",\"width\":400,\"height\":200,\"caption\":\"Weltladen Hamminkeln\"},\"image\":{\"@id\":\"https:\/\/fair-rhein.de\/hamminkeln\/#\/schema\/logo\/image\/\"}}]}<\/script>\n<!-- \/ Yoast SEO plugin. -->","yoast_head_json":{"title":"Weltladen - Weltladen Hamminkeln","description":"Durch den Verkauf von fair gehandelten Produkten wollen wir den Erzeugern in den verschiedenen armen L\u00e4ndern die gerechten Preise zukommen lassen, die sie auf dem von Konzernen beherrschten Weltmarkt nicht bekommen w\u00fcrden. Unser Erl\u00f6s flie\u00dft in soziale Projekte des Vereins und Aktionen des Weltladens.","robots":{"index":"index","follow":"follow","max-snippet":"max-snippet:-1","max-image-preview":"max-image-preview:large","max-video-preview":"max-video-preview:-1"},"canonical":"https:\/\/fair-rhein.de\/hamminkeln\/weltladen\/","og_locale":"de_DE","og_type":"article","og_title":"Weltladen - Weltladen Hamminkeln","og_description":"Durch den Verkauf von fair gehandelten Produkten wollen wir den Erzeugern in den verschiedenen armen L\u00e4ndern die gerechten Preise zukommen lassen, die sie auf dem von Konzernen beherrschten Weltmarkt nicht bekommen w\u00fcrden. Unser Erl\u00f6s flie\u00dft in soziale Projekte des Vereins und Aktionen des Weltladens.","og_url":"https:\/\/fair-rhein.de\/hamminkeln\/weltladen\/","og_site_name":"Weltladen Hamminkeln","article_modified_time":"2025-12-15T11:07:28+00:00","twitter_card":"summary_large_image","twitter_misc":{"Gesch\u00e4tzte Lesezeit":"3\u00a0Minuten"},"schema":{"@context":"https:\/\/schema.org","@graph":[{"@type":"WebPage","@id":"https:\/\/fair-rhein.de\/hamminkeln\/weltladen\/","url":"https:\/\/fair-rhein.de\/hamminkeln\/weltladen\/","name":"Weltladen - Weltladen Hamminkeln","isPartOf":{"@id":"https:\/\/fair-rhein.de\/hamminkeln\/#website"},"datePublished":"2018-03-27T15:00:09+00:00","dateModified":"2025-12-15T11:07:28+00:00","description":"Durch den Verkauf von fair gehandelten Produkten wollen wir den Erzeugern in den verschiedenen armen L\u00e4ndern die gerechten Preise zukommen lassen, die sie auf dem von Konzernen beherrschten Weltmarkt nicht bekommen w\u00fcrden. Unser Erl\u00f6s flie\u00dft in soziale Projekte des Vereins und Aktionen des Weltladens.","breadcrumb":{"@id":"https:\/\/fair-rhein.de\/hamminkeln\/weltladen\/#breadcrumb"},"inLanguage":"de","potentialAction":[{"@type":"ReadAction","target":["https:\/\/fair-rhein.de\/hamminkeln\/weltladen\/"]}]},{"@type":"BreadcrumbList","@id":"https:\/\/fair-rhein.de\/hamminkeln\/weltladen\/#breadcrumb","itemListElement":[{"@type":"ListItem","position":1,"name":"Startseite","item":"https:\/\/fair-rhein.de\/hamminkeln\/"},{"@type":"ListItem","position":2,"name":"Weltladen"}]},{"@type":"WebSite","@id":"https:\/\/fair-rhein.de\/hamminkeln\/#website","url":"https:\/\/fair-rhein.de\/hamminkeln\/","name":"Weltladen Hamminkeln","description":"Fairer Handel in Hamminkeln","publisher":{"@id":"https:\/\/fair-rhein.de\/hamminkeln\/#organization"},"potentialAction":[{"@type":"SearchAction","target":{"@type":"EntryPoint","urlTemplate":"https:\/\/fair-rhein.de\/hamminkeln\/?s={search_term_string}"},"query-input":{"@type":"PropertyValueSpecification","valueRequired":true,"valueName":"search_term_string"}}],"inLanguage":"de"},{"@type":"Organization","@id":"https:\/\/fair-rhein.de\/hamminkeln\/#organization","name":"Weltladen Hamminkeln","url":"https:\/\/fair-rhein.de\/hamminkeln\/","logo":{"@type":"ImageObject","inLanguage":"de","@id":"https:\/\/fair-rhein.de\/hamminkeln\/#\/schema\/logo\/image\/","url":"https:\/\/fair-rhein.de\/hamminkeln\/wp-content\/uploads\/sites\/10\/2020\/04\/hamminkeln-startseite-weltladen-hamminkeln.png","contentUrl":"https:\/\/fair-rhein.de\/hamminkeln\/wp-content\/uploads\/sites\/10\/2020\/04\/hamminkeln-startseite-weltladen-hamminkeln.png","width":400,"height":200,"caption":"Weltladen Hamminkeln"},"image":{"@id":"https:\/\/fair-rhein.de\/hamminkeln\/#\/schema\/logo\/image\/"}}]}},"_links":{"self":[{"href":"https:\/\/fair-rhein.de\/hamminkeln\/wp-json\/wp\/v2\/pages\/88","targetHints":{"allow":["GET"]}}],"collection":[{"href":"https:\/\/fair-rhein.de\/hamminkeln\/wp-json\/wp\/v2\/pages"}],"about":[{"href":"https:\/\/fair-rhein.de\/hamminkeln\/wp-json\/wp\/v2\/types\/page"}],"author":[{"embeddable":true,"href":"https:\/\/fair-rhein.de\/hamminkeln\/wp-json\/wp\/v2\/users\/23"}],"replies":[{"embeddable":true,"href":"https:\/\/fair-rhein.de\/hamminkeln\/wp-json\/wp\/v2\/comments?post=88"}],"version-history":[{"count":45,"href":"https:\/\/fair-rhein.de\/hamminkeln\/wp-json\/wp\/v2\/pages\/88\/revisions"}],"predecessor-version":[{"id":1394,"href":"https:\/\/fair-rhein.de\/hamminkeln\/wp-json\/wp\/v2\/pages\/88\/revisions\/1394"}],"wp:attachment":[{"href":"https:\/\/fair-rhein.de\/hamminkeln\/wp-json\/wp\/v2\/media?parent=88"}],"curies":[{"name":"wp","href":"https:\/\/api.w.org\/{rel}","templated":true}]}}