{"id":1238,"date":"2023-06-12T12:39:01","date_gmt":"2023-06-12T10:39:01","guid":{"rendered":"https:\/\/fair-rhein.de\/osterath\/?page_id=1238"},"modified":"2023-06-12T12:46:09","modified_gmt":"2023-06-12T10:46:09","slug":"kork-aus-portugal","status":"publish","type":"page","link":"https:\/\/fair-rhein.de\/osterath\/kork-aus-portugal\/","title":{"rendered":"Kork aus Portugal"},"content":{"rendered":"<h3><strong>Accessoires und Taschen aus Kork.<\/strong><\/h3>\n<div class=\"x11i5rnm xat24cr x1mh8g0r x1vvkbs xtlvy1s x126k92a\">\n<div dir=\"auto\">Portugal ist weltweit der gr\u00f6\u00dfte Korkproduzent mit \u00fcber 730.000 Hektaren Korkeichen W\u00e4ldern. Eine Korkeiche kann \u00fcber 250 Jahre alt werden und produziert im Laufe ihres Lebens ca. 700 kg Kork.<\/div>\n<div dir=\"auto\"><\/div>\n<\/div>\n<div class=\"x11i5rnm xat24cr x1mh8g0r x1vvkbs xtlvy1s x126k92a\">\n<div dir=\"auto\">Das hochwertige Material wird durch aufw\u00e4ndige Handarbeit aus der Korkeiche gewonnen. Die Korcheiche muss mindestens 25 Jahre alt sein. Erst dann kann die Rinde zum ersten Mal gesch\u00e4lt werden. Die Rinde wird bei der Ernte des Baumes mit einer Axt vom Stamm abgesch\u00e4lt. Der Baum nimmt dabei keinen Schaden.<\/div>\n<div dir=\"auto\"><\/div>\n<\/div>\n<div class=\"x11i5rnm xat24cr x1mh8g0r x1vvkbs xtlvy1s x126k92a\">\n<div dir=\"auto\">Zwischen den Ernten liegen normalerweise 9 Jahre. In dieser Zeit w\u00e4chst die Rinde wieder vollst\u00e4ndig nach.<\/div>\n<div dir=\"auto\"><\/div>\n<div dir=\"auto\">Kork ist eine bewusste Entscheidung. Durch die Verwendung von Kork tr\u00e4gst du nicht zum CO\u2082 -Aussto\u00df bei und schonst die Umwelt!<\/div>\n<\/div>\n<div class=\"x11i5rnm xat24cr x1mh8g0r x1vvkbs xtlvy1s x126k92a\">\n<div dir=\"auto\"><\/div>\n<div dir=\"auto\">Vorteile von Kork: Kork ist wasserdicht, sehr elastisch und schlecht brennbar.<\/div>\n<div dir=\"auto\"><\/div>\n<div dir=\"auto\"><\/div>\n<div dir=\"auto\"><a class=\"dt-pswp-item\" href=\"https:\/\/fair-rhein.de\/osterath\/wp-content\/uploads\/sites\/4\/2023\/06\/velen2.jpg\" data-dt-img-description=\"\" data-large_image_width=\"800\" data-large_image_height=\"1067\"><img loading=\"lazy\" decoding=\"async\" class=\"alignleft size-medium wp-image-1242\" src=\"https:\/\/fair-rhein.de\/osterath\/wp-content\/uploads\/sites\/4\/2023\/06\/velen2-225x300.jpg\" alt=\"\" width=\"225\" height=\"300\" srcset=\"https:\/\/fair-rhein.de\/osterath\/wp-content\/uploads\/sites\/4\/2023\/06\/velen2-225x300.jpg 225w, https:\/\/fair-rhein.de\/osterath\/wp-content\/uploads\/sites\/4\/2023\/06\/velen2-768x1024.jpg 768w, https:\/\/fair-rhein.de\/osterath\/wp-content\/uploads\/sites\/4\/2023\/06\/velen2.jpg 800w\" sizes=\"auto, (max-width: 225px) 100vw, 225px\" \/><\/a><a class=\"dt-pswp-item\" href=\"https:\/\/fair-rhein.de\/osterath\/wp-content\/uploads\/sites\/4\/2023\/06\/velen3.jpg\" data-dt-img-description=\"\" data-large_image_width=\"800\" data-large_image_height=\"1067\"><img loading=\"lazy\" decoding=\"async\" class=\"alignleft size-medium wp-image-1243\" src=\"https:\/\/fair-rhein.de\/osterath\/wp-content\/uploads\/sites\/4\/2023\/06\/velen3-225x300.jpg\" alt=\"\" width=\"225\" height=\"300\" srcset=\"https:\/\/fair-rhein.de\/osterath\/wp-content\/uploads\/sites\/4\/2023\/06\/velen3-225x300.jpg 225w, https:\/\/fair-rhein.de\/osterath\/wp-content\/uploads\/sites\/4\/2023\/06\/velen3-768x1024.jpg 768w, https:\/\/fair-rhein.de\/osterath\/wp-content\/uploads\/sites\/4\/2023\/06\/velen3.jpg 800w\" sizes=\"auto, (max-width: 225px) 100vw, 225px\" \/><\/a><a class=\"dt-pswp-item\" href=\"https:\/\/fair-rhein.de\/osterath\/wp-content\/uploads\/sites\/4\/2023\/06\/velen4.jpg\" data-dt-img-description=\"\" data-large_image_width=\"800\" data-large_image_height=\"1067\"><img loading=\"lazy\" decoding=\"async\" class=\"alignleft size-medium wp-image-1244\" src=\"https:\/\/fair-rhein.de\/osterath\/wp-content\/uploads\/sites\/4\/2023\/06\/velen4-225x300.jpg\" alt=\"\" width=\"225\" height=\"300\" srcset=\"https:\/\/fair-rhein.de\/osterath\/wp-content\/uploads\/sites\/4\/2023\/06\/velen4-225x300.jpg 225w, https:\/\/fair-rhein.de\/osterath\/wp-content\/uploads\/sites\/4\/2023\/06\/velen4-768x1024.jpg 768w, https:\/\/fair-rhein.de\/osterath\/wp-content\/uploads\/sites\/4\/2023\/06\/velen4.jpg 800w\" sizes=\"auto, (max-width: 225px) 100vw, 225px\" \/><\/a><a class=\"dt-pswp-item\" href=\"https:\/\/fair-rhein.de\/osterath\/wp-content\/uploads\/sites\/4\/2023\/06\/velen5.jpg\" data-dt-img-description=\"\" data-large_image_width=\"600\" data-large_image_height=\"800\"><img loading=\"lazy\" decoding=\"async\" class=\"alignleft size-medium wp-image-1245\" src=\"https:\/\/fair-rhein.de\/osterath\/wp-content\/uploads\/sites\/4\/2023\/06\/velen5-225x300.jpg\" alt=\"\" width=\"225\" height=\"300\" srcset=\"https:\/\/fair-rhein.de\/osterath\/wp-content\/uploads\/sites\/4\/2023\/06\/velen5-225x300.jpg 225w, https:\/\/fair-rhein.de\/osterath\/wp-content\/uploads\/sites\/4\/2023\/06\/velen5.jpg 600w\" sizes=\"auto, (max-width: 225px) 100vw, 225px\" \/><\/a><a class=\"dt-pswp-item\" href=\"https:\/\/fair-rhein.de\/osterath\/wp-content\/uploads\/sites\/4\/2023\/06\/velen6.jpg\" data-dt-img-description=\"\" data-large_image_width=\"800\" data-large_image_height=\"1067\"><img loading=\"lazy\" decoding=\"async\" class=\"alignleft size-medium wp-image-1246\" src=\"https:\/\/fair-rhein.de\/osterath\/wp-content\/uploads\/sites\/4\/2023\/06\/velen6-225x300.jpg\" alt=\"\" width=\"225\" height=\"300\" srcset=\"https:\/\/fair-rhein.de\/osterath\/wp-content\/uploads\/sites\/4\/2023\/06\/velen6-225x300.jpg 225w, https:\/\/fair-rhein.de\/osterath\/wp-content\/uploads\/sites\/4\/2023\/06\/velen6-768x1024.jpg 768w, https:\/\/fair-rhein.de\/osterath\/wp-content\/uploads\/sites\/4\/2023\/06\/velen6.jpg 800w\" sizes=\"auto, (max-width: 225px) 100vw, 225px\" \/><\/a><a class=\"dt-pswp-item\" href=\"https:\/\/fair-rhein.de\/osterath\/wp-content\/uploads\/sites\/4\/2023\/06\/velen7.jpg\" data-dt-img-description=\"\" data-large_image_width=\"600\" data-large_image_height=\"800\"><img loading=\"lazy\" decoding=\"async\" class=\"alignleft size-medium wp-image-1247\" src=\"https:\/\/fair-rhein.de\/osterath\/wp-content\/uploads\/sites\/4\/2023\/06\/velen7-225x300.jpg\" alt=\"\" width=\"225\" height=\"300\" srcset=\"https:\/\/fair-rhein.de\/osterath\/wp-content\/uploads\/sites\/4\/2023\/06\/velen7-225x300.jpg 225w, https:\/\/fair-rhein.de\/osterath\/wp-content\/uploads\/sites\/4\/2023\/06\/velen7.jpg 600w\" sizes=\"auto, (max-width: 225px) 100vw, 225px\" \/><\/a><\/div>\n<\/div>\n","protected":false},"excerpt":{"rendered":"<p>Accessoires und Taschen aus Kork. Portugal ist weltweit der gr\u00f6\u00dfte Korkproduzent mit \u00fcber 730.000 Hektaren Korkeichen W\u00e4ldern. Eine Korkeiche kann&hellip;<\/p>\n","protected":false},"author":26,"featured_media":0,"parent":0,"menu_order":0,"comment_status":"closed","ping_status":"closed","template":"","meta":{"footnotes":""},"class_list":["post-1238","page","type-page","status-publish","hentry","description-off"],"yoast_head":"<!-- This site is optimized with the Yoast SEO plugin v23.4 - https:\/\/yoast.com\/wordpress\/plugins\/seo\/ -->\n<title>Kork aus Portugal - Weltladen Osterath<\/title>\n<meta name=\"description\" content=\"Accessoires und Taschen aus Kork.\" \/>\n<meta name=\"robots\" content=\"index, follow, max-snippet:-1, max-image-preview:large, max-video-preview:-1\" \/>\n<link rel=\"canonical\" href=\"https:\/\/fair-rhein.de\/osterath\/kork-aus-portugal\/\" \/>\n<meta property=\"og:locale\" content=\"de_DE\" \/>\n<meta property=\"og:type\" content=\"article\" \/>\n<meta property=\"og:title\" content=\"Kork aus Portugal - Weltladen Osterath\" \/>\n<meta property=\"og:description\" content=\"Accessoires und Taschen aus Kork.\" \/>\n<meta property=\"og:url\" content=\"https:\/\/fair-rhein.de\/osterath\/kork-aus-portugal\/\" \/>\n<meta property=\"og:site_name\" content=\"Weltladen Osterath\" \/>\n<meta property=\"article:publisher\" content=\"https:\/\/www.facebook.com\/WeltladenOsterath\/\" \/>\n<meta property=\"article:modified_time\" content=\"2023-06-12T10:46:09+00:00\" \/>\n<meta property=\"og:image\" content=\"https:\/\/fair-rhein.de\/osterath\/wp-content\/uploads\/sites\/4\/2023\/06\/velen2-225x300.jpg\" \/>\n<meta name=\"twitter:card\" content=\"summary_large_image\" \/>\n<meta name=\"twitter:label1\" content=\"Gesch\u00e4tzte Lesezeit\" \/>\n\t<meta name=\"twitter:data1\" content=\"2\u00a0Minuten\" \/>\n<script type=\"application\/ld+json\" class=\"yoast-schema-graph\">{\"@context\":\"https:\/\/schema.org\",\"@graph\":[{\"@type\":\"WebPage\",\"@id\":\"https:\/\/fair-rhein.de\/osterath\/kork-aus-portugal\/\",\"url\":\"https:\/\/fair-rhein.de\/osterath\/kork-aus-portugal\/\",\"name\":\"Kork aus Portugal - Weltladen Osterath\",\"isPartOf\":{\"@id\":\"https:\/\/fair-rhein.de\/osterath\/#website\"},\"primaryImageOfPage\":{\"@id\":\"https:\/\/fair-rhein.de\/osterath\/kork-aus-portugal\/#primaryimage\"},\"image\":{\"@id\":\"https:\/\/fair-rhein.de\/osterath\/kork-aus-portugal\/#primaryimage\"},\"thumbnailUrl\":\"https:\/\/fair-rhein.de\/osterath\/wp-content\/uploads\/sites\/4\/2023\/06\/velen2-225x300.jpg\",\"datePublished\":\"2023-06-12T10:39:01+00:00\",\"dateModified\":\"2023-06-12T10:46:09+00:00\",\"description\":\"Accessoires und Taschen aus Kork.\",\"breadcrumb\":{\"@id\":\"https:\/\/fair-rhein.de\/osterath\/kork-aus-portugal\/#breadcrumb\"},\"inLanguage\":\"de\",\"potentialAction\":[{\"@type\":\"ReadAction\",\"target\":[\"https:\/\/fair-rhein.de\/osterath\/kork-aus-portugal\/\"]}]},{\"@type\":\"ImageObject\",\"inLanguage\":\"de\",\"@id\":\"https:\/\/fair-rhein.de\/osterath\/kork-aus-portugal\/#primaryimage\",\"url\":\"https:\/\/fair-rhein.de\/osterath\/wp-content\/uploads\/sites\/4\/2023\/06\/velen2.jpg\",\"contentUrl\":\"https:\/\/fair-rhein.de\/osterath\/wp-content\/uploads\/sites\/4\/2023\/06\/velen2.jpg\",\"width\":800,\"height\":1067},{\"@type\":\"BreadcrumbList\",\"@id\":\"https:\/\/fair-rhein.de\/osterath\/kork-aus-portugal\/#breadcrumb\",\"itemListElement\":[{\"@type\":\"ListItem\",\"position\":1,\"name\":\"Startseite\",\"item\":\"https:\/\/fair-rhein.de\/osterath\/\"},{\"@type\":\"ListItem\",\"position\":2,\"name\":\"Kork aus Portugal\"}]},{\"@type\":\"WebSite\",\"@id\":\"https:\/\/fair-rhein.de\/osterath\/#website\",\"url\":\"https:\/\/fair-rhein.de\/osterath\/\",\"name\":\"Weltladen Osterath\",\"description\":\"Fair gehandelte Waren aus aller Welt.\",\"potentialAction\":[{\"@type\":\"SearchAction\",\"target\":{\"@type\":\"EntryPoint\",\"urlTemplate\":\"https:\/\/fair-rhein.de\/osterath\/?s={search_term_string}\"},\"query-input\":{\"@type\":\"PropertyValueSpecification\",\"valueRequired\":true,\"valueName\":\"search_term_string\"}}],\"inLanguage\":\"de\"}]}<\/script>\n<!-- \/ Yoast SEO plugin. -->","yoast_head_json":{"title":"Kork aus Portugal - Weltladen Osterath","description":"Accessoires und Taschen aus Kork.","robots":{"index":"index","follow":"follow","max-snippet":"max-snippet:-1","max-image-preview":"max-image-preview:large","max-video-preview":"max-video-preview:-1"},"canonical":"https:\/\/fair-rhein.de\/osterath\/kork-aus-portugal\/","og_locale":"de_DE","og_type":"article","og_title":"Kork aus Portugal - Weltladen Osterath","og_description":"Accessoires und Taschen aus Kork.","og_url":"https:\/\/fair-rhein.de\/osterath\/kork-aus-portugal\/","og_site_name":"Weltladen Osterath","article_publisher":"https:\/\/www.facebook.com\/WeltladenOsterath\/","article_modified_time":"2023-06-12T10:46:09+00:00","og_image":[{"url":"https:\/\/fair-rhein.de\/osterath\/wp-content\/uploads\/sites\/4\/2023\/06\/velen2-225x300.jpg"}],"twitter_card":"summary_large_image","twitter_misc":{"Gesch\u00e4tzte Lesezeit":"2\u00a0Minuten"},"schema":{"@context":"https:\/\/schema.org","@graph":[{"@type":"WebPage","@id":"https:\/\/fair-rhein.de\/osterath\/kork-aus-portugal\/","url":"https:\/\/fair-rhein.de\/osterath\/kork-aus-portugal\/","name":"Kork aus Portugal - Weltladen Osterath","isPartOf":{"@id":"https:\/\/fair-rhein.de\/osterath\/#website"},"primaryImageOfPage":{"@id":"https:\/\/fair-rhein.de\/osterath\/kork-aus-portugal\/#primaryimage"},"image":{"@id":"https:\/\/fair-rhein.de\/osterath\/kork-aus-portugal\/#primaryimage"},"thumbnailUrl":"https:\/\/fair-rhein.de\/osterath\/wp-content\/uploads\/sites\/4\/2023\/06\/velen2-225x300.jpg","datePublished":"2023-06-12T10:39:01+00:00","dateModified":"2023-06-12T10:46:09+00:00","description":"Accessoires und Taschen aus Kork.","breadcrumb":{"@id":"https:\/\/fair-rhein.de\/osterath\/kork-aus-portugal\/#breadcrumb"},"inLanguage":"de","potentialAction":[{"@type":"ReadAction","target":["https:\/\/fair-rhein.de\/osterath\/kork-aus-portugal\/"]}]},{"@type":"ImageObject","inLanguage":"de","@id":"https:\/\/fair-rhein.de\/osterath\/kork-aus-portugal\/#primaryimage","url":"https:\/\/fair-rhein.de\/osterath\/wp-content\/uploads\/sites\/4\/2023\/06\/velen2.jpg","contentUrl":"https:\/\/fair-rhein.de\/osterath\/wp-content\/uploads\/sites\/4\/2023\/06\/velen2.jpg","width":800,"height":1067},{"@type":"BreadcrumbList","@id":"https:\/\/fair-rhein.de\/osterath\/kork-aus-portugal\/#breadcrumb","itemListElement":[{"@type":"ListItem","position":1,"name":"Startseite","item":"https:\/\/fair-rhein.de\/osterath\/"},{"@type":"ListItem","position":2,"name":"Kork aus Portugal"}]},{"@type":"WebSite","@id":"https:\/\/fair-rhein.de\/osterath\/#website","url":"https:\/\/fair-rhein.de\/osterath\/","name":"Weltladen Osterath","description":"Fair gehandelte Waren aus aller Welt.","potentialAction":[{"@type":"SearchAction","target":{"@type":"EntryPoint","urlTemplate":"https:\/\/fair-rhein.de\/osterath\/?s={search_term_string}"},"query-input":{"@type":"PropertyValueSpecification","valueRequired":true,"valueName":"search_term_string"}}],"inLanguage":"de"}]}},"_links":{"self":[{"href":"https:\/\/fair-rhein.de\/osterath\/wp-json\/wp\/v2\/pages\/1238","targetHints":{"allow":["GET"]}}],"collection":[{"href":"https:\/\/fair-rhein.de\/osterath\/wp-json\/wp\/v2\/pages"}],"about":[{"href":"https:\/\/fair-rhein.de\/osterath\/wp-json\/wp\/v2\/types\/page"}],"author":[{"embeddable":true,"href":"https:\/\/fair-rhein.de\/osterath\/wp-json\/wp\/v2\/users\/26"}],"replies":[{"embeddable":true,"href":"https:\/\/fair-rhein.de\/osterath\/wp-json\/wp\/v2\/comments?post=1238"}],"version-history":[{"count":4,"href":"https:\/\/fair-rhein.de\/osterath\/wp-json\/wp\/v2\/pages\/1238\/revisions"}],"predecessor-version":[{"id":1249,"href":"https:\/\/fair-rhein.de\/osterath\/wp-json\/wp\/v2\/pages\/1238\/revisions\/1249"}],"wp:attachment":[{"href":"https:\/\/fair-rhein.de\/osterath\/wp-json\/wp\/v2\/media?parent=1238"}],"curies":[{"name":"wp","href":"https:\/\/api.w.org\/{rel}","templated":true}]}}