{"id":42,"date":"2019-10-04T10:23:06","date_gmt":"2019-10-04T08:23:06","guid":{"rendered":"https:\/\/fair-rhein.de\/weltgarten\/?page_id=42"},"modified":"2019-10-11T14:08:09","modified_gmt":"2019-10-11T12:08:09","slug":"globales-lernen","status":"publish","type":"page","link":"https:\/\/fair-rhein.de\/weltgarten\/globales-lernen\/","title":{"rendered":"Globales Lernen &#8211; Unsere Angebote"},"content":{"rendered":"<div class=\"wpb-content-wrapper\"><p>[vc_row][vc_column][vc_column_text]<\/p>\n<h1>Weltgarten &#8211; Globales Lernen mit Spa\u00df und Verstand<\/h1>\n<p>[\/vc_column_text][vc_row_inner][vc_column_inner][vc_column_text]<strong>Sie m\u00f6chten uns als Gruppe im Weltgarten besuchen und einen Workshop buchen? <\/strong>Dann sind Sie hier genau richtig! Mit unserer Bildungsarbeit im Weltgarten wollen wir ein Bewusstsein f\u00fcr die Zusammenh\u00e4nge zwischen dem eigenen lokalen Handeln und globalen Prozessen schaffen und gleichzeitig individuelle Handlungsm\u00f6glichkeiten aufzeigen. Unsere Themen reichen dabei von Fairem Kaffee und Orangen, \u00fcber Nachhaltige Ern\u00e4hrung, bis hin zu \u00f6kologischem Landbau, Recycling und den Folgen unseres Konsums.<\/p>\n<p>Informieren Sie sich hier \u00fcber unsere Themen oder gehen Sie <strong>direkt zur<a href=\"#buchen\"> Buchungsanfrage<\/a>.<\/strong>[\/vc_column_text][\/vc_column_inner][\/vc_row_inner][vc_column_text]<\/p>\n<h2>Unsere Themen im Weltgarten<\/h2>\n<p>[\/vc_column_text]<style type=\"text\/css\" data-type=\"the7_shortcodes-inline-css\">.blog-shortcode.blog-masonry-shortcode-id-dfd4a7537bf8a92ae13e5f882aaf0dc9.dividers-on.classic-layout-list article {\n  padding-top: 0;\n}\n.blog-shortcode.blog-masonry-shortcode-id-dfd4a7537bf8a92ae13e5f882aaf0dc9.dividers-on.classic-layout-list article:first-of-type {\n  margin-top: 0;\n  padding-top: 0;\n}\n.blog-shortcode.blog-masonry-shortcode-id-dfd4a7537bf8a92ae13e5f882aaf0dc9.classic-layout-list.mode-list .post-entry-content {\n  width: calc(100% - );\n}\n.blog-shortcode.blog-masonry-shortcode-id-dfd4a7537bf8a92ae13e5f882aaf0dc9.classic-layout-list.mode-list .no-img .post-entry-content {\n  width: 100%;\n}\n.blog-shortcode.blog-masonry-shortcode-id-dfd4a7537bf8a92ae13e5f882aaf0dc9 .filter-bg-decoration .filter-categories a.act {\n  color: #fff;\n}\n.blog-shortcode.blog-masonry-shortcode-id-dfd4a7537bf8a92ae13e5f882aaf0dc9:not(.mode-masonry) article:first-of-type,\n.blog-shortcode.blog-masonry-shortcode-id-dfd4a7537bf8a92ae13e5f882aaf0dc9:not(.mode-masonry) article.visible.first:not(.product) {\n  margin-top: 0;\n}\n.blog-shortcode.blog-masonry-shortcode-id-dfd4a7537bf8a92ae13e5f882aaf0dc9.dividers-on:not(.mode-masonry) article {\n  margin-top: 0;\n}\n.blog-shortcode.blog-masonry-shortcode-id-dfd4a7537bf8a92ae13e5f882aaf0dc9.dividers-on:not(.mode-masonry) article:first-of-type,\n.blog-shortcode.blog-masonry-shortcode-id-dfd4a7537bf8a92ae13e5f882aaf0dc9.dividers-on:not(.mode-masonry) article.visible.first:not(.product) {\n  margin-top: 0;\n  padding-top: 0;\n}\n.blog-shortcode.blog-masonry-shortcode-id-dfd4a7537bf8a92ae13e5f882aaf0dc9 .post-thumbnail-wrap {\n  padding: 0px 0px 0px 0px;\n}\n.blog-shortcode.blog-masonry-shortcode-id-dfd4a7537bf8a92ae13e5f882aaf0dc9.enable-bg-rollover .post-thumbnail-rollover:after {\n  background: -webkit-linear-gradient();\n  background: linear-gradient();\n}\n.blog-shortcode.blog-masonry-shortcode-id-dfd4a7537bf8a92ae13e5f882aaf0dc9 .gallery-zoom-ico {\n  width: 44px;\n  height: 44px;\n  line-height: 44px;\n  border-radius: 100px;\n  margin: -22px 0 0 -22px;\n  border-width: 0px;\n  color: #ffffff;\n}\n.bottom-overlap-layout-list.blog-shortcode.blog-masonry-shortcode-id-dfd4a7537bf8a92ae13e5f882aaf0dc9 .gallery-zoom-ico {\n  margin-top: -72px;\n}\n.gradient-overlay-layout-list.blog-shortcode.blog-masonry-shortcode-id-dfd4a7537bf8a92ae13e5f882aaf0dc9 .gallery-zoom-ico,\n.content-rollover-layout-list.blog-shortcode.blog-masonry-shortcode-id-dfd4a7537bf8a92ae13e5f882aaf0dc9 .gallery-zoom-ico {\n  margin: 0 0 10px;\n}\n.content-align-center.gradient-overlay-layout-list.blog-shortcode.blog-masonry-shortcode-id-dfd4a7537bf8a92ae13e5f882aaf0dc9 .gallery-zoom-ico,\n.content-align-center.content-rollover-layout-list.blog-shortcode.blog-masonry-shortcode-id-dfd4a7537bf8a92ae13e5f882aaf0dc9 .gallery-zoom-ico {\n  margin: 0 auto 10px;\n}\n.dt-icon-bg-on.blog-shortcode.blog-masonry-shortcode-id-dfd4a7537bf8a92ae13e5f882aaf0dc9 .gallery-zoom-ico {\n  background: rgba(255,255,255,0.3);\n  box-shadow: none;\n}\n.blog-shortcode.blog-masonry-shortcode-id-dfd4a7537bf8a92ae13e5f882aaf0dc9 .gallery-zoom-ico > span,\n.blog-shortcode.blog-masonry-shortcode-id-dfd4a7537bf8a92ae13e5f882aaf0dc9 .gallery-zoom-ico:before {\n  font-size: 32px;\n  line-height: 44px;\n}\n.blog-shortcode.blog-masonry-shortcode-id-dfd4a7537bf8a92ae13e5f882aaf0dc9 .gallery-zoom-ico > span,\n.blog-shortcode.blog-masonry-shortcode-id-dfd4a7537bf8a92ae13e5f882aaf0dc9 .gallery-zoom-ico:before {\n  color: #ffffff;\n}\n.blog-shortcode.blog-masonry-shortcode-id-dfd4a7537bf8a92ae13e5f882aaf0dc9 .entry-title,\n.blog-shortcode.blog-masonry-shortcode-id-dfd4a7537bf8a92ae13e5f882aaf0dc9.owl-carousel .entry-title {\n  margin-bottom: 5px;\n  font-size: 16px;\n  font-weight: bold;\n}\n.blog-shortcode.blog-masonry-shortcode-id-dfd4a7537bf8a92ae13e5f882aaf0dc9 .entry-title a,\n.blog-shortcode.blog-masonry-shortcode-id-dfd4a7537bf8a92ae13e5f882aaf0dc9.owl-carousel .entry-title a {\n  color: #303030;\n}\n.blog-shortcode.blog-masonry-shortcode-id-dfd4a7537bf8a92ae13e5f882aaf0dc9 .entry-meta {\n  margin-bottom: 15px;\n}\n.blog-shortcode.blog-masonry-shortcode-id-dfd4a7537bf8a92ae13e5f882aaf0dc9 .portfolio-categories {\n  margin-bottom: 15px;\n}\n.blog-shortcode.blog-masonry-shortcode-id-dfd4a7537bf8a92ae13e5f882aaf0dc9 .entry-excerpt {\n  margin-bottom: 5px;\n}\n.blog-shortcode.blog-masonry-shortcode-id-dfd4a7537bf8a92ae13e5f882aaf0dc9:not(.centered-layout-list) .post-entry-content {\n  padding: 25px 20px 25px 20px;\n}\n.blog-shortcode.blog-masonry-shortcode-id-dfd4a7537bf8a92ae13e5f882aaf0dc9:not(.centered-layout-list):not(.content-bg-on):not(.mode-list) .no-img .post-entry-content {\n  padding: 0;\n}\n.blog-shortcode.blog-masonry-shortcode-id-dfd4a7537bf8a92ae13e5f882aaf0dc9 .post-details.details-type-link,\n.blog-shortcode.blog-masonry-shortcode-id-dfd4a7537bf8a92ae13e5f882aaf0dc9 .post-details.details-type-link * {\n  color: #303030;\n}\n@media screen and (max-width: ) {\n  .blog-shortcode.blog-masonry-shortcode-id-dfd4a7537bf8a92ae13e5f882aaf0dc9 article {\n    -ms-flex-flow: column nowrap;\n    flex-flow: column nowrap;\n    margin-top: 20px;\n  }\n  .blog-shortcode.blog-masonry-shortcode-id-dfd4a7537bf8a92ae13e5f882aaf0dc9.dividers-on article {\n    border: none;\n  }\n  .blog-shortcode.blog-masonry-shortcode-id-dfd4a7537bf8a92ae13e5f882aaf0dc9.content-bg-on.centered-layout-list article {\n    padding: 0;\n  }\n  .blog-shortcode.blog-masonry-shortcode-id-dfd4a7537bf8a92ae13e5f882aaf0dc9.blog-shortcode.dividers-on article,\n  .blog-shortcode.blog-masonry-shortcode-id-dfd4a7537bf8a92ae13e5f882aaf0dc9.dividers-on.classic-layout-list article {\n    margin-top: 20px;\n    padding: 0;\n  }\n  .blog-shortcode.blog-masonry-shortcode-id-dfd4a7537bf8a92ae13e5f882aaf0dc9.blog-shortcode.dividers-on article:first-of-type,\n  .blog-shortcode.blog-masonry-shortcode-id-dfd4a7537bf8a92ae13e5f882aaf0dc9.dividers-on.classic-layout-list article:first-of-type {\n    padding: 0;\n  }\n  #page .blog-shortcode.blog-masonry-shortcode-id-dfd4a7537bf8a92ae13e5f882aaf0dc9 .post-thumbnail-wrap,\n  #page .blog-shortcode.blog-masonry-shortcode-id-dfd4a7537bf8a92ae13e5f882aaf0dc9 .post-entry-content {\n    width: 100%;\n    margin: 0;\n    top: 0;\n  }\n  #page .blog-shortcode.blog-masonry-shortcode-id-dfd4a7537bf8a92ae13e5f882aaf0dc9 .post-thumbnail-wrap {\n    padding: 0;\n  }\n  #page .blog-shortcode.blog-masonry-shortcode-id-dfd4a7537bf8a92ae13e5f882aaf0dc9 .post-entry-content:after {\n    display: none;\n  }\n  #page .blog-shortcode.blog-masonry-shortcode-id-dfd4a7537bf8a92ae13e5f882aaf0dc9 .project-even .post-thumbnail-wrap,\n  #page .blog-shortcode.blog-masonry-shortcode-id-dfd4a7537bf8a92ae13e5f882aaf0dc9.centered-layout-list .post-thumbnail-wrap {\n    -ms-flex-order: 0;\n    order: 0;\n  }\n  #page .blog-shortcode.blog-masonry-shortcode-id-dfd4a7537bf8a92ae13e5f882aaf0dc9.centered-layout-list .post-entry-title-content {\n    -ms-flex-order: 1;\n    order: 1;\n    width: 100%;\n    padding: 20px 20px 0;\n  }\n  #page .blog-shortcode.blog-masonry-shortcode-id-dfd4a7537bf8a92ae13e5f882aaf0dc9.centered-layout-list .post-entry-content {\n    -ms-flex-order: 2;\n    order: 2;\n    padding-top: 0;\n  }\n  #page .blog-shortcode.blog-masonry-shortcode-id-dfd4a7537bf8a92ae13e5f882aaf0dc9 .fancy-categories {\n    top: 10px;\n    left: 10px;\n    bottom: auto;\n    right: auto;\n  }\n  #page .blog-shortcode.blog-masonry-shortcode-id-dfd4a7537bf8a92ae13e5f882aaf0dc9 .fancy-date a {\n    top: 10px;\n    right: 10px;\n    left: auto;\n    bottom: auto;\n  }\n  #page .blog-shortcode.blog-masonry-shortcode-id-dfd4a7537bf8a92ae13e5f882aaf0dc9 .post-entry-content {\n    padding: 20px;\n  }\n  #page .blog-shortcode.blog-masonry-shortcode-id-dfd4a7537bf8a92ae13e5f882aaf0dc9 .entry-title {\n    margin: 3px 0 5px;\n    font-size: 20px;\n    font-size: 16px;\n    line-height: 26px;\n  }\n  #page .blog-shortcode.blog-masonry-shortcode-id-dfd4a7537bf8a92ae13e5f882aaf0dc9 .entry-meta {\n    margin: 5px 0 5px;\n  }\n  #page .blog-shortcode.blog-masonry-shortcode-id-dfd4a7537bf8a92ae13e5f882aaf0dc9 .entry-excerpt {\n    margin: 15px 0 0;\n  }\n  #page .blog-shortcode.blog-masonry-shortcode-id-dfd4a7537bf8a92ae13e5f882aaf0dc9 .post-details {\n    margin: 5px 0 10px;\n  }\n  #page .blog-shortcode.blog-masonry-shortcode-id-dfd4a7537bf8a92ae13e5f882aaf0dc9 .post-details.details-type-link {\n    margin-bottom: 2px;\n  }\n}\n<\/style><div class=\"blog-shortcode blog-masonry-shortcode-id-dfd4a7537bf8a92ae13e5f882aaf0dc9 mode-masonry classic-layout-list content-bg-on jquery-filter meta-info-off dt-icon-bg-off resize-by-browser-width loading-effect-none description-under-image \" data-padding=\"15px\" data-cur-page=\"1\" data-post-limit=\"-1\" data-pagination-mode=\"none\" data-desktop-columns-num=\"2\" data-v-tablet-columns-num=\"1\" data-h-tablet-columns-num=\"2\" data-phone-columns-num=\"1\" data-width=\"0px\" data-columns=\"0\"><div class=\"iso-container\" ><div class=\"visible wf-cell iso-item\" data-post-id=\"50\" data-date=\"2019-10-04T10:28:51+02:00\" data-name=\"Wo wachsen eigentlich Pommes?\"><article class=\"post project-odd visible post-50 type-post status-publish format-standard has-post-thumbnail hentry category-bildungsangebote category-4\" data-name=\"Wo wachsen eigentlich Pommes?\" data-date=\"2019-10-04T10:28:51+02:00\">\n\n<div class=\"post-thumbnail-wrap\">\n\t<div class=\"post-thumbnail\">\n\t\t\n\t\t\n\t\t<a href=\"https:\/\/fair-rhein.de\/weltgarten\/50\/\" class=\"post-thumbnail-rollover layzr-bg layzr-bg\" ><img fetchpriority=\"high\" decoding=\"async\" class=\"iso-lazy-load preload-me iso-lazy-load aspect\" src=\"data:image\/svg+xml,%3Csvg%20xmlns%3D&#39;http%3A%2F%2Fwww.w3.org%2F2000%2Fsvg&#39;%20viewBox%3D&#39;0%200%20519%20267&#39;%2F%3E\" data-src=\"https:\/\/fair-rhein.de\/weltgarten\/wp-content\/uploads\/sites\/7\/2019\/10\/weltgarten-fair-rhein.de-wo-wachsen-eigentlich-pommes-kartoffel.jpg\" data-srcset=\"https:\/\/fair-rhein.de\/weltgarten\/wp-content\/uploads\/sites\/7\/2019\/10\/weltgarten-fair-rhein.de-wo-wachsen-eigentlich-pommes-kartoffel.jpg 519w\" loading=\"eager\" style=\"--ratio: 519 \/ 267\" sizes=\"(max-width: 519px) 100vw, 519px\" alt=\"\" title=\"fair-rhein.de-wo-wachsen-eigentlich-pommes-kartoffel\" width=\"519\" height=\"267\"  \/><\/a>\t<\/div>\n<\/div>\n\n\n<div class=\"post-entry-content\">\n\n\t<h3 class=\"entry-title\">\n\t\t<a href=\"https:\/\/fair-rhein.de\/weltgarten\/50\/\" title=\"Wo wachsen eigentlich Pommes?\" rel=\"bookmark\">Wo wachsen eigentlich Pommes?<\/a>\n\t<\/h3>\n\n\t\n\t<div class=\"entry-excerpt\"><p>Die Kartoffel ist eine tolle Knolle. Sie ist das Grundnahrungsmittel f\u00fcr ganz viele Menschen. Salzkartoffeln, Pellkartoffeln, Kartoffelbrei, Parmesankartoffeln, Gnocci, R\u00f6sti und vieles mehr kann man aus Kartoffeln machen. Kartoffeln sind stark. Man kann daraus sogar Klebstoff machen. Kartoffeln sind \u00f6kologisch&hellip;<\/p>\n<\/div>\n\t\n<a href=\"https:\/\/fair-rhein.de\/weltgarten\/50\/\" class=\"post-details details-type-link\" aria-label=\"Read more about Wo wachsen eigentlich Pommes?\">mehr<i class=\"dt-icon-the7-arrow-03\" aria-hidden=\"true\"><\/i><\/a>\n\n<\/div><\/article><\/div><div class=\"visible wf-cell iso-item\" data-post-id=\"123\" data-date=\"2019-10-11T12:14:30+02:00\" data-name=\"Wie kommt Kaffee vom Strauch bis in die Tasse?\"><article class=\"post project-odd visible post-123 type-post status-publish format-standard has-post-thumbnail hentry category-bildungsangebote category-4\" data-name=\"Wie kommt Kaffee vom Strauch bis in die Tasse?\" data-date=\"2019-10-11T12:14:30+02:00\">\n\n<div class=\"post-thumbnail-wrap\">\n\t<div class=\"post-thumbnail\">\n\t\t\n\t\t\n\t\t<a href=\"https:\/\/fair-rhein.de\/weltgarten\/wie-kommt-kaffee-vom-strauch-bis-in-die-tasse\/\" class=\"post-thumbnail-rollover layzr-bg layzr-bg\" ><img decoding=\"async\" class=\"iso-lazy-load preload-me iso-lazy-load aspect\" src=\"data:image\/svg+xml,%3Csvg%20xmlns%3D&#39;http%3A%2F%2Fwww.w3.org%2F2000%2Fsvg&#39;%20viewBox%3D&#39;0%200%20519%20267&#39;%2F%3E\" data-src=\"https:\/\/fair-rhein.de\/weltgarten\/wp-content\/uploads\/sites\/7\/2019\/10\/weltgarten-wie-kommt-kaffee-vom-strauch-bis-in-die-tasse-kaffee.jpg\" data-srcset=\"https:\/\/fair-rhein.de\/weltgarten\/wp-content\/uploads\/sites\/7\/2019\/10\/weltgarten-wie-kommt-kaffee-vom-strauch-bis-in-die-tasse-kaffee.jpg 519w\" loading=\"eager\" style=\"--ratio: 519 \/ 267\" sizes=\"(max-width: 519px) 100vw, 519px\" alt=\"\" title=\"kaffee\" width=\"519\" height=\"267\"  \/><\/a>\t<\/div>\n<\/div>\n\n\n<div class=\"post-entry-content\">\n\n\t<h3 class=\"entry-title\">\n\t\t<a href=\"https:\/\/fair-rhein.de\/weltgarten\/wie-kommt-kaffee-vom-strauch-bis-in-die-tasse\/\" title=\"Wie kommt Kaffee vom Strauch bis in die Tasse?\" rel=\"bookmark\">Wie kommt Kaffee vom Strauch bis in die Tasse?<\/a>\n\t<\/h3>\n\n\t\n\t<div class=\"entry-excerpt\"><p>Kaffee kann nicht nur schmecken und wachmachen, er ist auch ein St\u00fcck Weltpolitik! Im Weltgarten gibt es einen Kaffee-Parcours, bei dem Sch\u00fcler und Erwachsene lernen, wie er produziert, gehandelt, weiterverarbeitet und zu uns transportiert wird. Wir blicken auf den Lebensalltag&hellip;<\/p>\n<\/div>\n\t\n<a href=\"https:\/\/fair-rhein.de\/weltgarten\/wie-kommt-kaffee-vom-strauch-bis-in-die-tasse\/\" class=\"post-details details-type-link\" aria-label=\"Read more about Wie kommt Kaffee vom Strauch bis in die Tasse?\">mehr<i class=\"dt-icon-the7-arrow-03\" aria-hidden=\"true\"><\/i><\/a>\n\n<\/div><\/article><\/div><div class=\"visible wf-cell iso-item\" data-post-id=\"62\" data-date=\"2019-10-04T10:38:24+02:00\" data-name=\"Wasser ist knapp und wertvoll\"><article class=\"post project-odd visible post-62 type-post status-publish format-standard has-post-thumbnail hentry category-bildungsangebote category-4\" data-name=\"Wasser ist knapp und wertvoll\" data-date=\"2019-10-04T10:38:24+02:00\">\n\n<div class=\"post-thumbnail-wrap\">\n\t<div class=\"post-thumbnail\">\n\t\t\n\t\t\n\t\t<a href=\"https:\/\/fair-rhein.de\/weltgarten\/wasser-ist-knapp-und-wertvoll\/\" class=\"post-thumbnail-rollover layzr-bg layzr-bg\" ><img decoding=\"async\" class=\"iso-lazy-load preload-me iso-lazy-load aspect\" src=\"data:image\/svg+xml,%3Csvg%20xmlns%3D&#39;http%3A%2F%2Fwww.w3.org%2F2000%2Fsvg&#39;%20viewBox%3D&#39;0%200%20519%20267&#39;%2F%3E\" data-src=\"https:\/\/fair-rhein.de\/weltgarten\/wp-content\/uploads\/sites\/7\/2019\/10\/weltgarten-wasser-ist-knapp-und-wertvoll-fair-rhein.de-wasser-ist-knapp-und-wertvoll-hipporoller.jpg\" data-srcset=\"https:\/\/fair-rhein.de\/weltgarten\/wp-content\/uploads\/sites\/7\/2019\/10\/weltgarten-wasser-ist-knapp-und-wertvoll-fair-rhein.de-wasser-ist-knapp-und-wertvoll-hipporoller.jpg 519w\" loading=\"eager\" style=\"--ratio: 519 \/ 267\" sizes=\"(max-width: 519px) 100vw, 519px\" alt=\"\" title=\"fair-rhein.de-wasser-ist-knapp-und-wertvoll-hipporoller\" width=\"519\" height=\"267\"  \/><\/a>\t<\/div>\n<\/div>\n\n\n<div class=\"post-entry-content\">\n\n\t<h3 class=\"entry-title\">\n\t\t<a href=\"https:\/\/fair-rhein.de\/weltgarten\/wasser-ist-knapp-und-wertvoll\/\" title=\"Wasser ist knapp und wertvoll\" rel=\"bookmark\">Wasser ist knapp und wertvoll<\/a>\n\t<\/h3>\n\n\t\n\t<div class=\"entry-excerpt\"><p>Wir \u00f6ffnen den Wasserhahn und schon flie\u00dft das k\u00fchle Nass. Etwa 150 Liter Wasser verbraucht jeder Mensch in Europa am Tag. Das meiste nutzen wir f\u00fcr die Toilette, zum Duschen, zum Waschen und zum Putzen. In den wasserarmen Gebieten Afrikas&hellip;<\/p>\n<\/div>\n\t\n<a href=\"https:\/\/fair-rhein.de\/weltgarten\/wasser-ist-knapp-und-wertvoll\/\" class=\"post-details details-type-link\" aria-label=\"Read more about Wasser ist knapp und wertvoll\">mehr<i class=\"dt-icon-the7-arrow-03\" aria-hidden=\"true\"><\/i><\/a>\n\n<\/div><\/article><\/div><div class=\"visible wf-cell iso-item\" data-post-id=\"531\" data-date=\"2020-07-14T15:06:33+02:00\" data-name=\"Sommerferien: Workshop f\u00fcr Jugendliche\"><article class=\"post project-odd visible post-531 type-post status-publish format-standard has-post-thumbnail hentry category-allgemein category-bildungsangebote category-weltgarten-news category-1 category-4 category-3\" data-name=\"Sommerferien: Workshop f\u00fcr Jugendliche\" data-date=\"2020-07-14T15:06:33+02:00\">\n\n<div class=\"post-thumbnail-wrap\">\n\t<div class=\"post-thumbnail\">\n\t\t\n\t\t\n\t\t<a href=\"https:\/\/fair-rhein.de\/weltgarten\/sommerferien-workshop-fuer-jugendliche\/\" class=\"post-thumbnail-rollover layzr-bg layzr-bg\" ><img decoding=\"async\" class=\"iso-lazy-load preload-me iso-lazy-load aspect\" src=\"data:image\/svg+xml,%3Csvg%20xmlns%3D&#39;http%3A%2F%2Fwww.w3.org%2F2000%2Fsvg&#39;%20viewBox%3D&#39;0%200%20768%201086&#39;%2F%3E\" data-src=\"https:\/\/fair-rhein.de\/weltgarten\/wp-content\/uploads\/sites\/7\/2020\/07\/weltgarten-sommerferien-workshop-fuer-jugendliche-weltgartenkleidertauschtag-768x1086.jpg\" data-srcset=\"https:\/\/fair-rhein.de\/weltgarten\/wp-content\/uploads\/sites\/7\/2020\/07\/weltgarten-sommerferien-workshop-fuer-jugendliche-weltgartenkleidertauschtag-768x1086.jpg 768w, https:\/\/fair-rhein.de\/weltgarten\/wp-content\/uploads\/sites\/7\/2020\/07\/weltgarten-sommerferien-workshop-fuer-jugendliche-weltgartenkleidertauschtag-1152x1629.jpg 1152w\" loading=\"eager\" style=\"--ratio: 768 \/ 1086\" sizes=\"(max-width: 768px) 100vw, 768px\" alt=\"\" title=\"WeltgartenKleidertauschtag\" width=\"768\" height=\"1086\"  \/><\/a>\t<\/div>\n<\/div>\n\n\n<div class=\"post-entry-content\">\n\n\t<h3 class=\"entry-title\">\n\t\t<a href=\"https:\/\/fair-rhein.de\/weltgarten\/sommerferien-workshop-fuer-jugendliche\/\" title=\"Sommerferien: Workshop f\u00fcr Jugendliche\" rel=\"bookmark\">Sommerferien: Workshop f\u00fcr Jugendliche<\/a>\n\t<\/h3>\n\n\t\n\t<div class=\"entry-excerpt\"><p>Wir freuen uns zusammen mit Svenja Bloom vom Eine Welt Netz NRW einen Sommerferien-Workshop f\u00fcr Jugendliche auf die Beine zu stellen. Am 6. August dreht sich von 13:00-16:00 alles um das Thema Kleidung und die Modeindustrie. Wie funktioniert die Modeindustrie?&hellip;<\/p>\n<\/div>\n\t\n<a href=\"https:\/\/fair-rhein.de\/weltgarten\/sommerferien-workshop-fuer-jugendliche\/\" class=\"post-details details-type-link\" aria-label=\"Read more about Sommerferien: Workshop f\u00fcr Jugendliche\">mehr<i class=\"dt-icon-the7-arrow-03\" aria-hidden=\"true\"><\/i><\/a>\n\n<\/div><\/article><\/div><div class=\"visible wf-cell iso-item\" data-post-id=\"53\" data-date=\"2019-10-04T10:33:15+02:00\" data-name=\"Orangensaft - der Deutschen Liebling\"><article class=\"post project-odd visible post-53 type-post status-publish format-standard has-post-thumbnail hentry category-bildungsangebote category-4\" data-name=\"Orangensaft &#8211; der Deutschen Liebling\" data-date=\"2019-10-04T10:33:15+02:00\">\n\n<div class=\"post-thumbnail-wrap\">\n\t<div class=\"post-thumbnail\">\n\t\t\n\t\t\n\t\t<a href=\"https:\/\/fair-rhein.de\/weltgarten\/orangensaft-der-deutschen-liebling\/\" class=\"post-thumbnail-rollover layzr-bg layzr-bg\" ><img decoding=\"async\" class=\"iso-lazy-load preload-me iso-lazy-load aspect\" src=\"data:image\/svg+xml,%3Csvg%20xmlns%3D&#39;http%3A%2F%2Fwww.w3.org%2F2000%2Fsvg&#39;%20viewBox%3D&#39;0%200%20519%20267&#39;%2F%3E\" data-src=\"https:\/\/fair-rhein.de\/weltgarten\/wp-content\/uploads\/sites\/7\/2019\/10\/weltgarten-orangensaft-der-deutschen-liebling-fair-rhein.de-orangensaft-der-deutschen-liebling-oranensaft.jpg\" data-srcset=\"https:\/\/fair-rhein.de\/weltgarten\/wp-content\/uploads\/sites\/7\/2019\/10\/weltgarten-orangensaft-der-deutschen-liebling-fair-rhein.de-orangensaft-der-deutschen-liebling-oranensaft.jpg 519w\" loading=\"eager\" style=\"--ratio: 519 \/ 267\" sizes=\"(max-width: 519px) 100vw, 519px\" alt=\"\" title=\"fair-rhein.de-orangensaft-der-deutschen-liebling-oranensaft\" width=\"519\" height=\"267\"  \/><\/a>\t<\/div>\n<\/div>\n\n\n<div class=\"post-entry-content\">\n\n\t<h3 class=\"entry-title\">\n\t\t<a href=\"https:\/\/fair-rhein.de\/weltgarten\/orangensaft-der-deutschen-liebling\/\" title=\"Orangensaft &#8211; der Deutschen Liebling\" rel=\"bookmark\">Orangensaft &#8211; der Deutschen Liebling<\/a>\n\t<\/h3>\n\n\t\n\t<div class=\"entry-excerpt\"><p>Wir trinken in Deutschland mehr Orangen- als Apfelsaft. Im Weltgarten gibt es einen Orangen-Parcours. Da k\u00f6nnen Sch\u00fcler lernen, wie Orangensaft produziert wird und wie er zu uns kommt. 80 Prozent werden auf gro\u00dfen Plantagen in Brasilien angebaut. Auf den riesigen&hellip;<\/p>\n<\/div>\n\t\n<a href=\"https:\/\/fair-rhein.de\/weltgarten\/orangensaft-der-deutschen-liebling\/\" class=\"post-details details-type-link\" aria-label=\"Read more about Orangensaft &#8211; der Deutschen Liebling\">mehr<i class=\"dt-icon-the7-arrow-03\" aria-hidden=\"true\"><\/i><\/a>\n\n<\/div><\/article><\/div><div class=\"visible wf-cell iso-item\" data-post-id=\"59\" data-date=\"2019-10-04T10:36:22+02:00\" data-name=\"Malen mit Naturfarben\"><article class=\"post project-odd visible post-59 type-post status-publish format-standard has-post-thumbnail hentry category-bildungsangebote category-4\" data-name=\"Malen mit Naturfarben\" data-date=\"2019-10-04T10:36:22+02:00\">\n\n<div class=\"post-thumbnail-wrap\">\n\t<div class=\"post-thumbnail\">\n\t\t\n\t\t\n\t\t<a href=\"https:\/\/fair-rhein.de\/weltgarten\/malen-mit-naturfarben\/\" class=\"post-thumbnail-rollover layzr-bg layzr-bg\" ><img decoding=\"async\" class=\"iso-lazy-load preload-me iso-lazy-load aspect\" src=\"data:image\/svg+xml,%3Csvg%20xmlns%3D&#39;http%3A%2F%2Fwww.w3.org%2F2000%2Fsvg&#39;%20viewBox%3D&#39;0%200%20519%20267&#39;%2F%3E\" data-src=\"https:\/\/fair-rhein.de\/weltgarten\/wp-content\/uploads\/sites\/7\/2019\/10\/weltgarten-fair-rhein.de-malen-mit-naturfarben-naturfarben.jpg\" data-srcset=\"https:\/\/fair-rhein.de\/weltgarten\/wp-content\/uploads\/sites\/7\/2019\/10\/weltgarten-fair-rhein.de-malen-mit-naturfarben-naturfarben.jpg 519w\" loading=\"eager\" style=\"--ratio: 519 \/ 267\" sizes=\"(max-width: 519px) 100vw, 519px\" alt=\"\" title=\"fair-rhein.de-malen-mit-naturfarben-naturfarben\" width=\"519\" height=\"267\"  \/><\/a>\t<\/div>\n<\/div>\n\n\n<div class=\"post-entry-content\">\n\n\t<h3 class=\"entry-title\">\n\t\t<a href=\"https:\/\/fair-rhein.de\/weltgarten\/malen-mit-naturfarben\/\" title=\"Malen mit Naturfarben\" rel=\"bookmark\">Malen mit Naturfarben<\/a>\n\t<\/h3>\n\n\t\n\t<div class=\"entry-excerpt\"><p>Eigene Farben aus Pflanzen, die im Garten wachsen, nach alten Rezepten ganz ohne Erd\u00f6l herstellen &#8211; das ist die Grundidee des F\u00e4rbergartens. Aus getrockneten Bl\u00fctenbl\u00e4ttern z.B. von Rosen, Hibiskus, M\u00e4dchenauge oder aus Rotkohl und roter Bete werden im Weltgarten Farben&hellip;<\/p>\n<\/div>\n\t\n<a href=\"https:\/\/fair-rhein.de\/weltgarten\/malen-mit-naturfarben\/\" class=\"post-details details-type-link\" aria-label=\"Read more about Malen mit Naturfarben\">mehr<i class=\"dt-icon-the7-arrow-03\" aria-hidden=\"true\"><\/i><\/a>\n\n<\/div><\/article><\/div><div class=\"visible wf-cell iso-item\" data-post-id=\"67\" data-date=\"2019-10-04T10:44:06+02:00\" data-name=\"Fleischkonsum und Nachhaltigkeit\"><article class=\"post project-odd visible post-67 type-post status-publish format-standard has-post-thumbnail hentry category-bildungsangebote category-4\" data-name=\"Fleischkonsum und Nachhaltigkeit\" data-date=\"2019-10-04T10:44:06+02:00\">\n\n<div class=\"post-thumbnail-wrap\">\n\t<div class=\"post-thumbnail\">\n\t\t\n\t\t\n\t\t<a href=\"https:\/\/fair-rhein.de\/weltgarten\/fleischkonsum-und-nachhaltigkeit\/\" class=\"post-thumbnail-rollover layzr-bg layzr-bg\" ><img decoding=\"async\" class=\"iso-lazy-load preload-me iso-lazy-load aspect\" src=\"data:image\/svg+xml,%3Csvg%20xmlns%3D&#39;http%3A%2F%2Fwww.w3.org%2F2000%2Fsvg&#39;%20viewBox%3D&#39;0%200%20519%20267&#39;%2F%3E\" data-src=\"https:\/\/fair-rhein.de\/weltgarten\/wp-content\/uploads\/sites\/7\/2019\/10\/weltgarten-fleischkonsum-und-nachhaltigkeit-fair-rhein.de-fleischkonsum-und-nachhaltigkeit-fleischkonsum-weltgarten.jpg\" data-srcset=\"https:\/\/fair-rhein.de\/weltgarten\/wp-content\/uploads\/sites\/7\/2019\/10\/weltgarten-fleischkonsum-und-nachhaltigkeit-fair-rhein.de-fleischkonsum-und-nachhaltigkeit-fleischkonsum-weltgarten.jpg 519w\" loading=\"eager\" style=\"--ratio: 519 \/ 267\" sizes=\"(max-width: 519px) 100vw, 519px\" alt=\"\" title=\"fair-rhein.de-fleischkonsum-und-nachhaltigkeit-fleischkonsum-weltgarten\" width=\"519\" height=\"267\"  \/><\/a>\t<\/div>\n<\/div>\n\n\n<div class=\"post-entry-content\">\n\n\t<h3 class=\"entry-title\">\n\t\t<a href=\"https:\/\/fair-rhein.de\/weltgarten\/fleischkonsum-und-nachhaltigkeit\/\" title=\"Fleischkonsum und Nachhaltigkeit\" rel=\"bookmark\">Fleischkonsum und Nachhaltigkeit<\/a>\n\t<\/h3>\n\n\t\n\t<div class=\"entry-excerpt\"><p>Die Kuh Fairona im Weltgarten hat den Besuchern viel zu erz\u00e4hlen. Es geht um den Unterschied zwischen Fairer Milch, Bio-Milch und \u201enormaler\u201c Milch. Vertragen sich Massenproduktion und artgerechte Tierhaltung? Wir verbrauchen mehr als zehnmal so viel Fleisch wie eine Person&hellip;<\/p>\n<\/div>\n\t\n<a href=\"https:\/\/fair-rhein.de\/weltgarten\/fleischkonsum-und-nachhaltigkeit\/\" class=\"post-details details-type-link\" aria-label=\"Read more about Fleischkonsum und Nachhaltigkeit\">mehr<i class=\"dt-icon-the7-arrow-03\" aria-hidden=\"true\"><\/i><\/a>\n\n<\/div><\/article><\/div><div class=\"visible wf-cell iso-item\" data-post-id=\"56\" data-date=\"2019-10-04T10:34:45+02:00\" data-name=\"Fairer Handel im Weltladen\"><article class=\"post project-odd visible post-56 type-post status-publish format-standard has-post-thumbnail hentry category-bildungsangebote category-4\" data-name=\"Fairer Handel im Weltladen\" data-date=\"2019-10-04T10:34:45+02:00\">\n\n<div class=\"post-thumbnail-wrap\">\n\t<div class=\"post-thumbnail\">\n\t\t\n\t\t\n\t\t<a href=\"https:\/\/fair-rhein.de\/weltgarten\/fairer-handel-im-weltladen\/\" class=\"post-thumbnail-rollover layzr-bg layzr-bg\" ><img decoding=\"async\" class=\"iso-lazy-load preload-me iso-lazy-load aspect\" src=\"data:image\/svg+xml,%3Csvg%20xmlns%3D&#39;http%3A%2F%2Fwww.w3.org%2F2000%2Fsvg&#39;%20viewBox%3D&#39;0%200%20519%20267&#39;%2F%3E\" data-src=\"https:\/\/fair-rhein.de\/weltgarten\/wp-content\/uploads\/sites\/7\/2019\/10\/weltgarten-fair-rhein.de-fairer-handel-im-weltladen-fairerhandel.jpg\" data-srcset=\"https:\/\/fair-rhein.de\/weltgarten\/wp-content\/uploads\/sites\/7\/2019\/10\/weltgarten-fair-rhein.de-fairer-handel-im-weltladen-fairerhandel.jpg 519w\" loading=\"eager\" style=\"--ratio: 519 \/ 267\" sizes=\"(max-width: 519px) 100vw, 519px\" alt=\"\" title=\"fair-rhein.de-fairer-handel-im-weltladen-fairerhandel\" width=\"519\" height=\"267\"  \/><\/a>\t<\/div>\n<\/div>\n\n\n<div class=\"post-entry-content\">\n\n\t<h3 class=\"entry-title\">\n\t\t<a href=\"https:\/\/fair-rhein.de\/weltgarten\/fairer-handel-im-weltladen\/\" title=\"Fairer Handel im Weltladen\" rel=\"bookmark\">Fairer Handel im Weltladen<\/a>\n\t<\/h3>\n\n\t\n\t<div class=\"entry-excerpt\"><p>Verb\u00fcndete gesucht! Wenn viele kleine Leute an vielen Orten viele kleine Schritte machen, kann sich das Gesicht der Welt ver\u00e4ndern. Allein in Deutschland engagieren sich rund 100.000 Menschen f\u00fcr den Fairen Handel: in Weltl\u00e4den und Fair-Handels-Gruppen, in Fairtrade-Towns und -Schools,&hellip;<\/p>\n<\/div>\n\t\n<a href=\"https:\/\/fair-rhein.de\/weltgarten\/fairer-handel-im-weltladen\/\" class=\"post-details details-type-link\" aria-label=\"Read more about Fairer Handel im Weltladen\">mehr<i class=\"dt-icon-the7-arrow-03\" aria-hidden=\"true\"><\/i><\/a>\n\n<\/div><\/article><\/div><div class=\"visible wf-cell iso-item\" data-post-id=\"46\" data-date=\"2019-10-04T10:26:15+02:00\" data-name=\"Die Welt im Garten \u2013 das Weltverteilungsspiel\"><article class=\"post project-odd visible post-46 type-post status-publish format-standard has-post-thumbnail hentry category-bildungsangebote category-4\" data-name=\"Die Welt im Garten \u2013 das Weltverteilungsspiel\" data-date=\"2019-10-04T10:26:15+02:00\">\n\n<div class=\"post-thumbnail-wrap\">\n\t<div class=\"post-thumbnail\">\n\t\t\n\t\t\n\t\t<a href=\"https:\/\/fair-rhein.de\/weltgarten\/die-welt-im-garten-das-weltverteilungsspiel\/\" class=\"post-thumbnail-rollover layzr-bg layzr-bg\" ><img decoding=\"async\" class=\"iso-lazy-load preload-me iso-lazy-load aspect\" src=\"data:image\/svg+xml,%3Csvg%20xmlns%3D&#39;http%3A%2F%2Fwww.w3.org%2F2000%2Fsvg&#39;%20viewBox%3D&#39;0%200%20519%20267&#39;%2F%3E\" data-src=\"https:\/\/fair-rhein.de\/weltgarten\/wp-content\/uploads\/sites\/7\/2019\/10\/weltgarten-fair-rhein.de-wo-wachsen-eigentlich-pommes-weltverteilung.jpg\" data-srcset=\"https:\/\/fair-rhein.de\/weltgarten\/wp-content\/uploads\/sites\/7\/2019\/10\/weltgarten-fair-rhein.de-wo-wachsen-eigentlich-pommes-weltverteilung.jpg 519w\" loading=\"eager\" style=\"--ratio: 519 \/ 267\" sizes=\"(max-width: 519px) 100vw, 519px\" alt=\"\" title=\"fair-rhein.de-wo-wachsen-eigentlich-pommes-weltverteilung\" width=\"519\" height=\"267\"  \/><\/a>\t<\/div>\n<\/div>\n\n\n<div class=\"post-entry-content\">\n\n\t<h3 class=\"entry-title\">\n\t\t<a href=\"https:\/\/fair-rhein.de\/weltgarten\/die-welt-im-garten-das-weltverteilungsspiel\/\" title=\"Die Welt im Garten \u2013 das Weltverteilungsspiel\" rel=\"bookmark\">Die Welt im Garten \u2013 das Weltverteilungsspiel<\/a>\n\t<\/h3>\n\n\t\n\t<div class=\"entry-excerpt\"><p>Nicht mehr lange und es leben 8 Milliarden Menschen auf der Erde. Die Bev\u00f6lkerung w\u00e4chst rasant, aber auch sehr unterschiedlich. Auch der Verbrauch von Wasser oder Erd\u00f6l ist alles andere als gleichverteilt und hinterl\u00e4sst seine Spuren. Wir schauen auf die&hellip;<\/p>\n<\/div>\n\t\n<a href=\"https:\/\/fair-rhein.de\/weltgarten\/die-welt-im-garten-das-weltverteilungsspiel\/\" class=\"post-details details-type-link\" aria-label=\"Read more about Die Welt im Garten \u2013 das Weltverteilungsspiel\">mehr<i class=\"dt-icon-the7-arrow-03\" aria-hidden=\"true\"><\/i><\/a>\n\n<\/div><\/article><\/div><div class=\"visible wf-cell iso-item\" data-post-id=\"74\" data-date=\"2019-10-04T10:47:28+02:00\" data-name=\"Alles f\u00fcr die Tonne? Aus alt mach neu!\"><article class=\"post project-odd visible post-74 type-post status-publish format-standard has-post-thumbnail hentry category-bildungsangebote category-4\" data-name=\"Alles f\u00fcr die Tonne? Aus alt mach neu!\" data-date=\"2019-10-04T10:47:28+02:00\">\n\n<div class=\"post-thumbnail-wrap\">\n\t<div class=\"post-thumbnail\">\n\t\t\n\t\t\n\t\t<a href=\"https:\/\/fair-rhein.de\/weltgarten\/alles-fuer-die-tonne-aus-alt-mach-neu\/\" class=\"post-thumbnail-rollover layzr-bg layzr-bg\" ><img decoding=\"async\" class=\"iso-lazy-load preload-me iso-lazy-load aspect\" src=\"data:image\/svg+xml,%3Csvg%20xmlns%3D&#39;http%3A%2F%2Fwww.w3.org%2F2000%2Fsvg&#39;%20viewBox%3D&#39;0%200%20519%20267&#39;%2F%3E\" data-src=\"https:\/\/fair-rhein.de\/weltgarten\/wp-content\/uploads\/sites\/7\/2019\/10\/weltgarten-fair-rhein.de-alles-fuer-die-tonne-aus-alt-mach-neu-upcycling-weltgarten.jpg\" data-srcset=\"https:\/\/fair-rhein.de\/weltgarten\/wp-content\/uploads\/sites\/7\/2019\/10\/weltgarten-fair-rhein.de-alles-fuer-die-tonne-aus-alt-mach-neu-upcycling-weltgarten.jpg 519w\" loading=\"eager\" style=\"--ratio: 519 \/ 267\" sizes=\"(max-width: 519px) 100vw, 519px\" alt=\"\" title=\"fair-rhein.de-alles-fuer-die-tonne-aus-alt-mach-neu-upcycling-weltgarten\" width=\"519\" height=\"267\"  \/><\/a>\t<\/div>\n<\/div>\n\n\n<div class=\"post-entry-content\">\n\n\t<h3 class=\"entry-title\">\n\t\t<a href=\"https:\/\/fair-rhein.de\/weltgarten\/alles-fuer-die-tonne-aus-alt-mach-neu\/\" title=\"Alles f\u00fcr die Tonne? Aus alt mach neu!\" rel=\"bookmark\">Alles f\u00fcr die Tonne? Aus alt mach neu!<\/a>\n\t<\/h3>\n\n\t\n\t<div class=\"entry-excerpt\"><p>Die Weltmeere sind voller Plastik und unser Elektroschrott wird weltweit verschifft. Dass wir unseren Abfall reduzieren m\u00fcssen, steht au\u00dfer Frage. Doch wer im M\u00fcll st\u00f6bert, stellt auch schnell fest, dass nicht alles schlecht ist, was weggeworfen wird. So hauchen wir&hellip;<\/p>\n<\/div>\n\t\n<a href=\"https:\/\/fair-rhein.de\/weltgarten\/alles-fuer-die-tonne-aus-alt-mach-neu\/\" class=\"post-details details-type-link\" aria-label=\"Read more about Alles f\u00fcr die Tonne? Aus alt mach neu!\">mehr<i class=\"dt-icon-the7-arrow-03\" aria-hidden=\"true\"><\/i><\/a>\n\n<\/div><\/article><\/div><\/div><!-- iso-container|iso-grid --><\/div>[vc_empty_space][\/vc_column][\/vc_row][vc_row type=&#8220;vc_default&#8220; css=&#8220;.vc_custom_1570017125843{background-color: #87d64f !important;}&#8220;][vc_column][vc_row_inner][vc_column_inner width=&#8220;1\/4&#8243;][vc_single_image image=&#8220;36&#8243; img_size=&#8220;full&#8220;][\/vc_column_inner][vc_column_inner width=&#8220;3\/4&#8243;][vc_column_text]<span style=\"color: #ffffff\"><strong>Liebe Besucher*innen,<\/strong><br \/>\nmein Name ist Kerrin Brammer und ich stehe Ihnen als Ansprechpartnerin f\u00fcr das p\u00e4dagogische Programm f\u00fcr alle Fragen rund um unsere Kursangebote zur Verf\u00fcgung.<\/span><\/p>\n<p><span style=\"color: #ffffff\">Wir freuen uns sehr mit Themen des Globalen Lernens auf der Landesgartenschau 2020 vertreten zu sein und m\u00f6chten mit unserem vielf\u00e4ltigen Programm Impulse geben, Neugier wecken und ins Gespr\u00e4ch kommen. Ob gro\u00df oder klein, von nah oder fern \u2013 der Weltgarten steht f\u00fcr alle offen.<\/span><\/p>\n<p><strong><span style=\"color: #ffffff\">Sie haben Fragen zu den Kursangeboten?<\/span><\/strong><br \/>\n<span style=\"color: #ffffff\">Melden Sie sich bei mir unter <a style=\"color: #ffffff\" href=\"mailto:weltgarten@fair-rhein.de\">weltgarten@fair-rhein.de<\/a><\/span>[\/vc_column_text][\/vc_column_inner][\/vc_row_inner][\/vc_column][\/vc_row][vc_row type=&#8220;vc_default&#8220; el_id=&#8220;buchen&#8220;][vc_column][vc_separator][vc_empty_space height=&#8220;20px&#8220;][vc_column_text]<\/p>\n<h2>Kurse buchen<\/h2>\n<p>[\/vc_column_text][vc_row_inner][vc_column_inner css=&#8220;.vc_custom_1570091033740{border-top-width: 2px !important;border-right-width: 2px !important;border-bottom-width: 2px !important;border-left-width: 2px !important;border-left-color: #009b89 !important;border-left-style: dotted !important;border-right-color: #009b89 !important;border-right-style: dotted !important;border-top-color: #009b89 !important;border-top-style: dotted !important;border-bottom-color: #009b89 !important;border-bottom-style: dotted !important;border-radius: 4px !important;}&#8220;][vc_column_text]<strong>Schulklassen und Kitas nutzen bitte die Anmeldung \u00fcber das Gr\u00fcne Klassenzimmer:<\/strong><br \/>\n<a href=\"https:\/\/fair-rhein.de\/blog\/termin\/netzwerktreffen-2020\/\" target=\"_blank\" rel=\"noopener noreferrer\">www.kamp-lintfort2020.de\/veranstaltungen\/gruenes-klassenzimmer<\/a>[\/vc_column_text][\/vc_column_inner][\/vc_row_inner][vc_empty_space height=&#8220;20px&#8220;][vc_column_text]<strong>Die Anfrage hier ist nur f\u00fcr individuelle Gruppen m\u00f6glich.<\/strong><\/p>\n<ul>\n<li>Alle Kursangebote dauern <strong>90 Minuten<\/strong>, abweichende W\u00fcnsche k\u00f6nnen individuell vereinbart werden (nutzen Sie hierf\u00fcr bitte das Nachrichtenfeld im Kontaktformular).<\/li>\n<li>Die Angebote sind alle<strong> kostenlos<\/strong>.<\/li>\n<li>Es handelt sich hier um eine <strong>unverbindliche Anfrage<\/strong>. Bitte warten Sie danach bis wir Kontakt zu Ihnen aufnehmen und den Termin best\u00e4tigen.<\/li>\n<li><strong>Abweichende W\u00fcnsche zu Themen und Zeiten besprechen wir gerne mit Ihnen.<\/strong><\/li>\n<\/ul>\n<p>[\/vc_column_text][vc_column_text]\n<div class=\"wpcf7 no-js\" id=\"wpcf7-f25-o1\" lang=\"de-DE\" dir=\"ltr\">\n<div class=\"screen-reader-response\"><p role=\"status\" aria-live=\"polite\" aria-atomic=\"true\"><\/p> <ul><\/ul><\/div>\n<form action=\"\/weltgarten\/wp-json\/wp\/v2\/pages\/42#wpcf7-f25-o1\" method=\"post\" class=\"wpcf7-form init\" aria-label=\"Kontaktformular\" novalidate=\"novalidate\" data-status=\"init\">\n<div style=\"display: none;\">\n<input type=\"hidden\" name=\"_wpcf7\" value=\"25\" \/>\n<input type=\"hidden\" name=\"_wpcf7_version\" value=\"5.9.8\" \/>\n<input type=\"hidden\" name=\"_wpcf7_locale\" value=\"de_DE\" \/>\n<input type=\"hidden\" name=\"_wpcf7_unit_tag\" value=\"wpcf7-f25-o1\" \/>\n<input type=\"hidden\" name=\"_wpcf7_container_post\" value=\"0\" \/>\n<input type=\"hidden\" name=\"_wpcf7_posted_data_hash\" value=\"\" \/>\n<\/div>\n<p><label><b>Ihr Name<\/b> (Pflichtfeld) <span class=\"wpcf7-form-control-wrap\" data-name=\"Name\"><input size=\"40\" maxlength=\"400\" class=\"wpcf7-form-control wpcf7-text wpcf7-validates-as-required\" aria-required=\"true\" aria-invalid=\"false\" value=\"\" type=\"text\" name=\"Name\" \/><\/span> <\/label>\n<\/p>\n<p><label><b>Ihre E-Mail-Adresse<\/b> (Pflichtfeld) <span class=\"wpcf7-form-control-wrap\" data-name=\"E-Mail\"><input size=\"40\" maxlength=\"400\" class=\"wpcf7-form-control wpcf7-email wpcf7-validates-as-required wpcf7-text wpcf7-validates-as-email\" aria-required=\"true\" aria-invalid=\"false\" value=\"\" type=\"email\" name=\"E-Mail\" \/><\/span> <\/label>\n<\/p>\n<p><label><b>Ihre Telefonnummer<\/b> (Pflichtfeld) <span class=\"wpcf7-form-control-wrap\" data-name=\"Telefon\"><input size=\"40\" maxlength=\"400\" class=\"wpcf7-form-control wpcf7-tel wpcf7-validates-as-required wpcf7-text wpcf7-validates-as-tel\" aria-required=\"true\" aria-invalid=\"false\" value=\"\" type=\"tel\" name=\"Telefon\" \/><\/span> <\/label>\n<\/p>\n<p><label><b>Gew\u00fcnschtes Thema:<\/b> <\/label><br \/>\n<span class=\"wpcf7-form-control-wrap\" data-name=\"Thema\"><span class=\"wpcf7-form-control wpcf7-checkbox\"><span class=\"wpcf7-list-item first\"><input type=\"checkbox\" name=\"Thema[]\" value=\"Alles f\u00fcr die Tonne? Aus alt mach neu!\" \/><span class=\"wpcf7-list-item-label\">Alles f\u00fcr die Tonne? Aus alt mach neu!<\/span><\/span><span class=\"wpcf7-list-item\"><input type=\"checkbox\" name=\"Thema[]\" value=\"Die Welt im Garten \u2013 das Weltverteilungsspiel\" \/><span class=\"wpcf7-list-item-label\">Die Welt im Garten \u2013 das Weltverteilungsspiel<\/span><\/span><span class=\"wpcf7-list-item\"><input type=\"checkbox\" name=\"Thema[]\" value=\"Fairer Handel im Weltladen\" \/><span class=\"wpcf7-list-item-label\">Fairer Handel im Weltladen<\/span><\/span><span class=\"wpcf7-list-item\"><input type=\"checkbox\" name=\"Thema[]\" value=\"Fleischkonsum und Nachhaltigkeit\" \/><span class=\"wpcf7-list-item-label\">Fleischkonsum und Nachhaltigkeit<\/span><\/span><span class=\"wpcf7-list-item\"><input type=\"checkbox\" name=\"Thema[]\" value=\"Malen mit Naturfarben\" \/><span class=\"wpcf7-list-item-label\">Malen mit Naturfarben<\/span><\/span><span class=\"wpcf7-list-item\"><input type=\"checkbox\" name=\"Thema[]\" value=\"Orangensaft - der Deutschen Liebling\" \/><span class=\"wpcf7-list-item-label\">Orangensaft - der Deutschen Liebling<\/span><\/span><span class=\"wpcf7-list-item\"><input type=\"checkbox\" name=\"Thema[]\" value=\"Wasser ist knapp und wertvoll\" \/><span class=\"wpcf7-list-item-label\">Wasser ist knapp und wertvoll<\/span><\/span><span class=\"wpcf7-list-item\"><input type=\"checkbox\" name=\"Thema[]\" value=\"Wie kommt Kaffee vom Strauch bis in die Tasse?\" \/><span class=\"wpcf7-list-item-label\">Wie kommt Kaffee vom Strauch bis in die Tasse?<\/span><\/span><span class=\"wpcf7-list-item last\"><input type=\"checkbox\" name=\"Thema[]\" value=\"Wo wachsen eigentlich Pommes?\" \/><span class=\"wpcf7-list-item-label\">Wo wachsen eigentlich Pommes?<\/span><\/span><\/span><\/span>\n<\/p>\n<p><label><b>Gew\u00fcnschtes Datum<\/b> (Pflichtfeld) (20.04.-10.10.2020)<\/label><span class=\"wpcf7-form-control-wrap\" data-name=\"Datum\"><input class=\"wpcf7-form-control wpcf7-date wpcf7-validates-as-required wpcf7-validates-as-date\" min=\"2020-04-20\" max=\"2020-10-10\" aria-required=\"true\" aria-invalid=\"false\" value=\"\" type=\"date\" name=\"Datum\" \/><\/span>\n<\/p>\n<p><label><b>Gew\u00fcnschte Tageszeit:<\/b> <\/label><span class=\"wpcf7-form-control-wrap\" data-name=\"Uhrzeit\"><span class=\"wpcf7-form-control wpcf7-checkbox\"><span class=\"wpcf7-list-item first\"><input type=\"checkbox\" name=\"Uhrzeit[]\" value=\"vormittags\" \/><span class=\"wpcf7-list-item-label\">vormittags<\/span><\/span><span class=\"wpcf7-list-item last\"><input type=\"checkbox\" name=\"Uhrzeit[]\" value=\"nachmittags\" \/><span class=\"wpcf7-list-item-label\">nachmittags<\/span><\/span><\/span><\/span>\n<\/p>\n<p><label><b>Gesch\u00e4tzte Teilnehmerzahl:<\/b> <\/label><span class=\"wpcf7-form-control-wrap\" data-name=\"Teilnehmer\"><input class=\"wpcf7-form-control wpcf7-number wpcf7-validates-as-number\" min=\"1\" aria-invalid=\"false\" value=\"1\" type=\"number\" name=\"Teilnehmer\" \/><\/span>\n<\/p>\n<p><label><b>Sie haben spezielle W\u00fcnsche oder Fragen?<\/b><br \/>\n<span class=\"wpcf7-form-control-wrap\" data-name=\"Nachricht\"><textarea cols=\"40\" rows=\"10\" maxlength=\"2000\" class=\"wpcf7-form-control wpcf7-textarea\" aria-invalid=\"false\" name=\"Nachricht\"><\/textarea><\/span> <\/label>\n<\/p>\n<p><span class=\"wpcf7-form-control-wrap\" data-name=\"Datenschutz\"><span class=\"wpcf7-form-control wpcf7-acceptance\"><span class=\"wpcf7-list-item\"><input type=\"checkbox\" name=\"Datenschutz\" value=\"1\" aria-invalid=\"false\" \/><\/span><\/span><\/span><label>fair|rhein darf die Angaben f\u00fcr die Kontaktaufnahme speichern und verwenden. <a href=\"https:\/\/fair-rhein.de\/datenschutz\">DATENSCHUTZ<\/a> <\/label>\n<\/p>\n<p><input class=\"wpcf7-form-control wpcf7-submit has-spinner\" type=\"submit\" value=\"Senden\" \/>\n<\/p><div class=\"wpcf7-response-output\" aria-hidden=\"true\"><\/div>\n<\/form>\n<\/div>\n[\/vc_column_text][\/vc_column][\/vc_row]<\/p>\n<\/div>","protected":false},"excerpt":{"rendered":"<p>[vc_row][vc_column][vc_column_text] Weltgarten &#8211; Globales Lernen mit Spa\u00df und Verstand [\/vc_column_text][vc_row_inner][vc_column_inner][vc_column_text]Sie m\u00f6chten uns als Gruppe im Weltgarten besuchen und einen Workshop buchen? Dann sind Sie hier genau richtig! Mit unserer Bildungsarbeit im Weltgarten wollen wir ein Bewusstsein f\u00fcr die Zusammenh\u00e4nge zwischen dem eigenen lokalen Handeln und globalen Prozessen schaffen und gleichzeitig individuelle Handlungsm\u00f6glichkeiten aufzeigen. Unsere Themen&hellip;<\/p>\n","protected":false},"author":23,"featured_media":0,"parent":0,"menu_order":1,"comment_status":"closed","ping_status":"closed","template":"","meta":{"footnotes":""},"class_list":["post-42","page","type-page","status-publish","hentry","description-off"],"_links":{"self":[{"href":"https:\/\/fair-rhein.de\/weltgarten\/wp-json\/wp\/v2\/pages\/42","targetHints":{"allow":["GET"]}}],"collection":[{"href":"https:\/\/fair-rhein.de\/weltgarten\/wp-json\/wp\/v2\/pages"}],"about":[{"href":"https:\/\/fair-rhein.de\/weltgarten\/wp-json\/wp\/v2\/types\/page"}],"author":[{"embeddable":true,"href":"https:\/\/fair-rhein.de\/weltgarten\/wp-json\/wp\/v2\/users\/23"}],"replies":[{"embeddable":true,"href":"https:\/\/fair-rhein.de\/weltgarten\/wp-json\/wp\/v2\/comments?post=42"}],"version-history":[{"count":8,"href":"https:\/\/fair-rhein.de\/weltgarten\/wp-json\/wp\/v2\/pages\/42\/revisions"}],"predecessor-version":[{"id":147,"href":"https:\/\/fair-rhein.de\/weltgarten\/wp-json\/wp\/v2\/pages\/42\/revisions\/147"}],"wp:attachment":[{"href":"https:\/\/fair-rhein.de\/weltgarten\/wp-json\/wp\/v2\/media?parent=42"}],"curies":[{"name":"wp","href":"https:\/\/api.w.org\/{rel}","templated":true}]}}